{"id":73,"date":"2009-01-28T18:49:47","date_gmt":"2009-01-28T17:49:47","guid":{"rendered":"http:\/\/www.amalesperanza.org\/?page_id=73"},"modified":"2017-04-09T21:44:51","modified_gmt":"2017-04-09T19:44:51","slug":"amal-esperanza","status":"publish","type":"page","link":"https:\/\/www.amalesperanza.org\/?page_id=73","title":{"rendered":"AMAL ESPERANZA"},"content":{"rendered":"<p><span style=\"text-decoration: underline;\"><img loading=\"lazy\" decoding=\"async\" class=\"size-thumbnail wp-image-78 alignleft\" title=\"logo_amal\" src=\"https:\/\/www.amalesperanza.org\/wp-content\/uploads\/2010\/01\/logo_amal1-150x150.jpg\" alt=\"\" width=\"150\" height=\"150\" \/><\/span><strong><span style=\"color: #0000ff; text-decoration: underline;\">Datos de la asociaci\u00f3n<\/span><\/strong><\/p>\n<p><span style=\"color: #0000ff;\">ASOCIACI\u00d3N AMAL-ESPERANZA DE SOLIDARIDAD CON EL PUEBLO SAHARAUI DE EL PUERTO DE SANTA MAR\u00cdA<\/span><\/p>\n<p><a href=\"http:\/\/maps.google.com\/maps?f=q&amp;source=s_q&amp;hl=es&amp;geocode=&amp;q=calle+calvario+12+11500+el+puerto+de+santa+maria+espa%C3%B1a&amp;sll=37.0625,-95.677068&amp;sspn=37.273371,57.128906&amp;ie=UTF8&amp;hq=&amp;hnear=Calle+del+Calvario,+12,+11500+El+Puerto+de+Santa+Mar%C3%ADa,+C%C3%A1diz,+Andaluc%C3%ADa,+Espa%C3%B1a&amp;ll=36.610119,-6.218208&amp;spn=0.004616,0.006974&amp;z=17&amp;iwloc=A\" target=\"_blank\"><span style=\"color: #0000ff;\">C\/ Calvario, 12 \u2022 11500 El Puerto de Santa Mar\u00eda (C\u00e1diz)<\/span><\/a> <span style=\"color: #ff9900;\">Pinche para ver donde estamos<\/span><\/p>\n<h2><span style=\"color: #0000ff;\">Tel\u00e9fono: 634 524 582<br \/>\n<\/span><\/h2>\n<p><a href=\"https:\/\/www.amalesperanza.org\"><span style=\"color: #0000ff;\">www.amalesperanza.org<\/span><\/a><span style=\"color: #0000ff;\"> &#8211; <\/span><a href=\"mailto:info@amalesperanza.org\"><span style=\"color: #0000ff;\">info@amalesperanza.org<\/span><\/a><\/p>\n<p style=\"text-align: justify;\"><span style=\"color: #0000ff;\">La asociaci\u00f3n est\u00e1 inscrita en el Registro Provincial de Asociaciones de la Delegaci\u00f3n de Justicia y Administraci\u00f3n P\u00fablica de la Junta de Andaluc\u00eda en C\u00e1diz con el n\u00ba 3424; y en el Registro Municipal de Asociaciones de El Puerto de Santa Mar\u00eda con el n\u00ba 88.<\/span><\/p>\n<p style=\"text-align: justify;\"><span style=\"color: #0000ff;\"><span style=\"color: #ff6600;\">Descargar m\u00e1s informaci\u00f3n sobre Amal-Esperanza <\/span><a href=\"https:\/\/www.amalesperanza.org\/wp-content\/uploads\/2009\/01\/Amal_Esperanza.pdf\" target=\"_blank\">AQUI<\/a><\/span><\/p>\n<h4 style=\"text-align: justify;\"><strong><span style=\"text-decoration: underline;\"><span style=\"color: #0000ff;\">Fines de la asociaci\u00f3n<\/span><\/span><\/strong><\/h4>\n<p style=\"text-align: justify;\"><span style=\"color: #0000ff;\">La Asociaci\u00f3n \u201cAmal-Esperanza\u201d de solidaridad con el pueblo saharaui fue creada por familias de El Puerto de Santa Mar\u00eda (C\u00e1diz), que tuvieron acogidos ni\u00f1os\/as saharauis en el verano de 1993.<\/span><\/p>\n<p style=\"text-align: justify;\"><span style=\"color: #0000ff;\">Nuestra intenci\u00f3n es apoyar tanto humanitariamente como pol\u00edticamente todas las iniciativas que este pueblo emprenda para poder volver a su tierra.<\/span><\/p>\n<p style=\"text-align: justify;\"><span style=\"color: #0000ff;\">Creemos totalmente injusta la situaci\u00f3n que el pueblo saharaui vive en la actualidad, es por ello que desarrollamos todo tipo de iniciativas de apoyo y ayuda humanitaria, de salud, alimenticia, cultural y pol\u00edtica, haciendo menci\u00f3n muy especial a la infancia saharaui.<\/span><\/p>\n<p style=\"text-align: justify;\"><span style=\"color: #0000ff;\">El\u00a0art\u00edculo 4\u00ba de sus Estatutos dice:<\/span><\/p>\n<p style=\"text-align: justify;\"><em><span style=\"color: #0000ff;\">La existencia de esta asociaci\u00f3n tiene como fines:<\/span><\/em><\/p>\n<p style=\"text-align: justify;\"><span style=\"color: #0000ff;\"><em>a. <\/em><em>Fomentar el entendimiento y desarrollo de los lazos hist\u00f3ricos y de amistad entre los pueblos espa\u00f1ol y saharaui.<\/em><\/span><\/p>\n<p style=\"text-align: justify;\"><span style=\"color: #0000ff;\"><em>b. <\/em><em>Promover ante el pueblo espa\u00f1ol a trav\u00e9s de los medios de difusi\u00f3n cultural m\u00e1s amplios, y en especial de la difusi\u00f3n de pel\u00edculas, artesan\u00edas, exposiciones, publicaciones y actos de orden cultural y pol\u00edtico de cualquier \u00edndole, la aproximaci\u00f3n al conocimiento de la vida y caracter\u00edsticas del pueblo saharaui.<\/em><\/span><\/p>\n<p style=\"text-align: justify;\"><span style=\"color: #0000ff;\"><em>c. <\/em><em>Desarrollar todo tipo de iniciativas de apoyo y ayuda humanitaria de salud, alimenticia, cultural y pol\u00edtica, haciendo menci\u00f3n muy especial a la infancia saharaui.<\/em><\/span><\/p>\n<p style=\"text-align: justify;\"><span style=\"color: #0000ff;\"><em>d. <\/em><em>Desarrollar todo tipo de iniciativas que redunden en un mayor intercambio del acervo humanitario y solidaridad de Espa\u00f1a y la Rep\u00fablica \u00c1rabe Saharaui Democr\u00e1tica (RASD), estimulando las relaciones sociales, econ\u00f3micas, pol\u00edticas y culturales entre ambos pa\u00edses.<\/em><\/span><\/p>\n<p style=\"text-align: justify;\"><span style=\"color: #0000ff;\"><em>e. <\/em><em>Promover la creaci\u00f3n de delegaciones de la Asociaci\u00f3n en los distintos pueblos de la provincia de C\u00e1diz.<\/em><\/span><\/p>\n<h4 style=\"text-align: justify;\"><strong><span style=\"text-decoration: underline;\"><span style=\"color: #0000ff;\">Campa\u00f1as y proyectos de cooperaci\u00f3n<\/span><\/span><\/strong><\/h4>\n<p style=\"text-align: justify;\"><span style=\"color: #0000ff;\">Amal Esperanza realiza anualmente las campa\u00f1as \u201cVacaciones en Paz\u201d y \u201cCaravana por la Paz\u201d, adem\u00e1s de proyectos de colaboraci\u00f3n con la Wilaya de Auserd y la daira de La G\u00fcera, hermanada con el Ayuntamiento de El Puerto de Santa Mar\u00eda. Todo ello se puede ver con m\u00e1s detalle en sus respectivas secciones.<\/span><\/p>\n<p style=\"text-align: justify;\"><strong><span style=\"text-decoration: underline;\">CONTACTE<\/span><\/strong><\/p>\n<p style=\"text-align: justify;\">\n<div class=\"wpcf7 no-js\" id=\"wpcf7-f5703-o1\" lang=\"es-ES\" dir=\"ltr\" data-wpcf7-id=\"5703\">\n<div class=\"screen-reader-response\"><p role=\"status\" aria-live=\"polite\" aria-atomic=\"true\"><\/p> <ul><\/ul><\/div>\n<form action=\"\/index.php?rest_route=%2Fwp%2Fv2%2Fpages%2F73#wpcf7-f5703-o1\" method=\"post\" class=\"wpcf7-form init\" aria-label=\"Formulario de contacto\" novalidate=\"novalidate\" data-status=\"init\">\n<fieldset class=\"hidden-fields-container\"><input type=\"hidden\" name=\"_wpcf7\" value=\"5703\" \/><input type=\"hidden\" name=\"_wpcf7_version\" value=\"6.1.4\" \/><input type=\"hidden\" name=\"_wpcf7_locale\" value=\"es_ES\" \/><input type=\"hidden\" name=\"_wpcf7_unit_tag\" value=\"wpcf7-f5703-o1\" \/><input type=\"hidden\" name=\"_wpcf7_container_post\" value=\"0\" \/><input type=\"hidden\" name=\"_wpcf7_posted_data_hash\" value=\"\" \/>\n<\/fieldset>\n<p><label> Nombre (requerido)<br \/>\n<span class=\"wpcf7-form-control-wrap\" data-name=\"your-name\"><input size=\"40\" maxlength=\"400\" class=\"wpcf7-form-control wpcf7-text wpcf7-validates-as-required\" aria-required=\"true\" aria-invalid=\"false\" value=\"\" type=\"text\" name=\"your-name\" \/><\/span> <\/label>\n<\/p>\n<p><label> Tu correo electr\u00f3nico (requerido)<br \/>\n<span class=\"wpcf7-form-control-wrap\" data-name=\"your-email\"><input size=\"40\" maxlength=\"400\" class=\"wpcf7-form-control wpcf7-email wpcf7-validates-as-required wpcf7-text wpcf7-validates-as-email\" aria-required=\"true\" aria-invalid=\"false\" value=\"\" type=\"email\" name=\"your-email\" \/><\/span> <\/label>\n<\/p>\n<p><label> Asunto<br \/>\n<span class=\"wpcf7-form-control-wrap\" data-name=\"your-subject\"><input size=\"40\" maxlength=\"400\" class=\"wpcf7-form-control wpcf7-text\" aria-invalid=\"false\" value=\"\" type=\"text\" name=\"your-subject\" \/><\/span> <\/label>\n<\/p>\n<p><label> Mensaje<br \/>\n<span class=\"wpcf7-form-control-wrap\" data-name=\"your-message\"><textarea cols=\"40\" rows=\"10\" maxlength=\"2000\" class=\"wpcf7-form-control wpcf7-textarea\" aria-invalid=\"false\" name=\"your-message\"><\/textarea><\/span> <\/label>\n<\/p>\n<p><input class=\"wpcf7-form-control wpcf7-submit has-spinner\" type=\"submit\" value=\"Enviar\" \/>\n<\/p><p style=\"display: none !important;\" class=\"akismet-fields-container\" data-prefix=\"_wpcf7_ak_\"><label>&#916;<textarea name=\"_wpcf7_ak_hp_textarea\" cols=\"45\" rows=\"8\" maxlength=\"100\"><\/textarea><\/label><input type=\"hidden\" id=\"ak_js_1\" name=\"_wpcf7_ak_js\" value=\"94\"\/><script>document.getElementById( \"ak_js_1\" ).setAttribute( \"value\", ( new Date() ).getTime() );<\/script><\/p><div class=\"wpcf7-response-output\" aria-hidden=\"true\"><\/div>\n<\/form>\n<\/div>\n<\/p>\n<p style=\"text-align: justify;\">\n","protected":false},"excerpt":{"rendered":"<p>Datos de la asociaci\u00f3n ASOCIACI\u00d3N AMAL-ESPERANZA DE SOLIDARIDAD CON EL PUEBLO SAHARAUI DE EL PUERTO DE SANTA MAR\u00cdA C\/ Calvario, 12 \u2022 11500 El Puerto de Santa Mar\u00eda (C\u00e1diz) Pinche para ver donde estamos Tel\u00e9fono: 634 524 582 www.amalesperanza.org &#8211; info@amalesperanza.org La asociaci\u00f3n est\u00e1 inscrita en el Registro Provincial de Asociaciones de la Delegaci\u00f3n de &hellip; <a href=\"https:\/\/www.amalesperanza.org\/?page_id=73\" class=\"more-link\">Sigue leyendo <span class=\"screen-reader-text\">AMAL ESPERANZA<\/span><\/a><\/p>\n","protected":false},"author":3,"featured_media":0,"parent":0,"menu_order":1,"comment_status":"closed","ping_status":"closed","template":"","meta":{"footnotes":""},"class_list":["post-73","page","type-page","status-publish","hentry"],"_links":{"self":[{"href":"https:\/\/www.amalesperanza.org\/index.php?rest_route=\/wp\/v2\/pages\/73","targetHints":{"allow":["GET"]}}],"collection":[{"href":"https:\/\/www.amalesperanza.org\/index.php?rest_route=\/wp\/v2\/pages"}],"about":[{"href":"https:\/\/www.amalesperanza.org\/index.php?rest_route=\/wp\/v2\/types\/page"}],"author":[{"embeddable":true,"href":"https:\/\/www.amalesperanza.org\/index.php?rest_route=\/wp\/v2\/users\/3"}],"replies":[{"embeddable":true,"href":"https:\/\/www.amalesperanza.org\/index.php?rest_route=%2Fwp%2Fv2%2Fcomments&post=73"}],"version-history":[{"count":47,"href":"https:\/\/www.amalesperanza.org\/index.php?rest_route=\/wp\/v2\/pages\/73\/revisions"}],"predecessor-version":[{"id":5706,"href":"https:\/\/www.amalesperanza.org\/index.php?rest_route=\/wp\/v2\/pages\/73\/revisions\/5706"}],"wp:attachment":[{"href":"https:\/\/www.amalesperanza.org\/index.php?rest_route=%2Fwp%2Fv2%2Fmedia&parent=73"}],"curies":[{"name":"wp","href":"https:\/\/api.w.org\/{rel}","templated":true}]}}