{"id":5671,"date":"2017-03-13T22:37:02","date_gmt":"2017-03-13T21:37:02","guid":{"rendered":"http:\/\/www.amalesperanza.org\/?page_id=5671"},"modified":"2017-11-22T13:17:23","modified_gmt":"2017-11-22T12:17:23","slug":"proyecto-para-la-construccion-de-un-quirofano-en-el-hospital-de-dajla","status":"publish","type":"page","link":"https:\/\/www.amalesperanza.org\/?page_id=5671","title":{"rendered":"Construcci\u00f3n de un quir\u00f3fano en el hospital de Dajla"},"content":{"rendered":"<h4 style=\"text-align: justify;\"><span style=\"color: #ff6600;\"><strong>Construcci\u00f3n, dotaci\u00f3n y mantenimiento de una unidad de Cirug\u00eda mayor ambulatoria en el Hospital de Dajla<\/strong><\/span><\/h4>\n<p><span style=\"color: #008000;\"><strong><em>Octubre de 2017<\/em>:\u00a0<\/strong>A finales del pasado mes de septiembre se concluyeron las obras de construcci\u00f3n del \u00e1rea quir\u00fargica (quir\u00f3fano m\u00e1s sala postoperatorio), a la que se a\u00f1adieron una sala preoperatorio y una zona de almacenaje de medicamentos y esterilizaci\u00f3n.<\/span><\/p>\n<p><span style=\"color: #008000;\">Durante el viaje de octubre pasado se recepcion\u00f3 la obra, se instal\u00f3 toda la aparamenta por personal de Amal Esperanza + La Vicu\u00f1a, y se dio curso al primer uso de la unidad, que qued\u00f3 completa y en funcionamiento.<img loading=\"lazy\" decoding=\"async\" class=\"aligncenter size-full wp-image-5751\" src=\"https:\/\/www.amalesperanza.org\/wp-content\/uploads\/2016\/08\/4.jpg\" alt=\"\" width=\"547\" height=\"204\" srcset=\"https:\/\/www.amalesperanza.org\/wp-content\/uploads\/2016\/08\/4.jpg 547w, https:\/\/www.amalesperanza.org\/wp-content\/uploads\/2016\/08\/4-300x112.jpg 300w\" sizes=\"auto, (max-width: 547px) 100vw, 547px\" \/><\/span><\/p>\n<p><span style=\"color: #008000;\">El proyecto, de momento, se ha financiado con las exclusivas aportaciones de las entidades promotoras, estando pendiente de concreci\u00f3n la financiaci\u00f3n parcial por parte del ayuntamiento de El Puerto de Santa Mar\u00eda.<img loading=\"lazy\" decoding=\"async\" class=\"aligncenter size-full wp-image-5775\" src=\"https:\/\/www.amalesperanza.org\/wp-content\/uploads\/2017\/03\/a1.jpg\" alt=\"\" width=\"550\" height=\"167\" srcset=\"https:\/\/www.amalesperanza.org\/wp-content\/uploads\/2017\/03\/a1.jpg 550w, https:\/\/www.amalesperanza.org\/wp-content\/uploads\/2017\/03\/a1-300x91.jpg 300w\" sizes=\"auto, (max-width: 550px) 100vw, 550px\" \/><\/span><\/p>\n<p><span style=\"color: #003366;\"><em><strong>Agosto 2017<\/strong><\/em>: V\u00eddeo para la obtenci\u00f3n de financiaci\u00f3n de la construcci\u00f3n de un quir\u00f3fano en el hospital de Dajla<\/span><\/p>\n<p><iframe loading=\"lazy\" title=\"V\u00eddeo final Quirofano Dajla\" width=\"660\" height=\"495\" src=\"https:\/\/www.youtube.com\/embed\/NMhsxIOAC7U?feature=oembed\" frameborder=\"0\" allow=\"accelerometer; autoplay; clipboard-write; encrypted-media; gyroscope; picture-in-picture; web-share\" referrerpolicy=\"strict-origin-when-cross-origin\" allowfullscreen><\/iframe><\/p>\n<p><span style=\"color: #339966;\"><strong><em>Julio 2017<\/em>:\u00a0<\/strong>La Fundaci\u00f3n la Vicu\u00f1a ORL y Amal Esperanza organizan un recital de m\u00fasica sacra para recaudar fondos para financiar la construcci\u00f3n de un quir\u00f3fano en los campamentos de Tinduf<\/span><\/p>\n<p><span style=\"color: #339966;\">Noticia relacionada: \u00a0<a style=\"color: #339966;\" href=\"http:\/\/www.diariodecadiz.es\/elpuerto\/publico-vuelca-recital-organizado-Vicuna_0_1154584797.html\">Diario de C\u00e1diz<\/a><\/span><\/p>\n<p><span style=\"color: #993300;\"><strong><em>Julio 2017<\/em>: <\/strong>Avanza la construcci\u00f3n del quir\u00f3fano y la UCI en el hospital de Dajla, para asegurar que se puede poner en uso en octubre de 2017<\/span><\/p>\n<h4 style=\"text-align: justify;\"><span style=\"color: #ff6600;\"><strong><img loading=\"lazy\" decoding=\"async\" class=\"aligncenter size-full wp-image-5724\" src=\"https:\/\/www.amalesperanza.org\/wp-content\/uploads\/2017\/03\/quirofano-dajla.jpg\" alt=\"\" width=\"600\" height=\"276\" srcset=\"https:\/\/www.amalesperanza.org\/wp-content\/uploads\/2017\/03\/quirofano-dajla.jpg 600w, https:\/\/www.amalesperanza.org\/wp-content\/uploads\/2017\/03\/quirofano-dajla-300x138.jpg 300w\" sizes=\"auto, (max-width: 600px) 100vw, 600px\" \/><\/strong><\/span><\/h4>\n<ol style=\"text-align: justify;\">\n<li><span style=\"color: #333399;\"><strong> PRELIMINAR: ORIGEN DE LA ACTIVIDAD Y OBJETIVO<\/strong><\/span><\/li>\n<\/ol>\n<p style=\"text-align: justify;\"><span style=\"color: #333399;\"><img loading=\"lazy\" decoding=\"async\" class=\"alignright size-full wp-image-5686\" src=\"https:\/\/www.amalesperanza.org\/wp-content\/uploads\/2017\/03\/Proyecto-quirofano-Dajla.jpg\" alt=\"Proyecto quirofano Dajla\" width=\"300\" height=\"425\" srcset=\"https:\/\/www.amalesperanza.org\/wp-content\/uploads\/2017\/03\/Proyecto-quirofano-Dajla.jpg 300w, https:\/\/www.amalesperanza.org\/wp-content\/uploads\/2017\/03\/Proyecto-quirofano-Dajla-212x300.jpg 212w\" sizes=\"auto, (max-width: 300px) 100vw, 300px\" \/>El trabajo de cooperaci\u00f3n de la asociaci\u00f3n Amal Esperanza de forma directa en los Campamentos de refugiados saharauis comenz\u00f3 all\u00e1 por el a\u00f1o 2003, por lo que ya acumula una experiencia importante en campos tan diversos como sanidad, escolar, mujer, microeconom\u00eda, y discapacidad.<\/span><\/p>\n<p style=\"text-align: justify;\"><span style=\"color: #333399;\">Desde entonces, con mayor o menor nivel econ\u00f3mico, pero de forma ininterrumpida, se han desarrollado m\u00e1s de 50 proyectos en los Campamentos, principalmente en la wilaya de Auserd. Entre ellos, en los \u00faltimos seis a\u00f1os ha desarrollado proyectos de tipo sanitario, conjuntamente con la Fundaci\u00f3n la Vicu\u00f1a, la Fundaci\u00f3n Dr. Pascual y con el Servicio Andaluz de Salud.<\/span><\/p>\n<p style=\"text-align: justify;\"><span style=\"color: #333399;\">Luego, en oto\u00f1o de 2015, llegaron las lluvias torrenciales que destrozaron los Campamentos, especialmente el de Dajla, lo que origin\u00f3 la toma de decisi\u00f3n de Amal Esperanza de cambiar su hist\u00f3rica base de trabajo, Auserd, por esta otra wilaya, evidentemente m\u00e1s necesitada de toda cooperaci\u00f3n posible. Aunque todo ello sin abandonar el trabajo y apuesto en marcha en Auserd.<\/span><\/p>\n<p style=\"text-align: justify;\"><span style=\"color: #333399;\">Cabe decir que la wilaya de Dajla es, adem\u00e1s de la que sufri\u00f3 con mayor virulencia el azote de las lluvias, la poblaci\u00f3n m\u00e1s alejada de los Campamentos, concretamente a 170 kms.de la wilaya administrativa, Rabuni.<\/span><\/p>\n<p style=\"text-align: justify;\"><span style=\"color: #333399;\">A nivel sanitario, conviene empezar diciendo que Dajla posee un peque\u00f1o complejo asistencial muy precario, por lo que son constantes y obligadas las evacuaciones a Rabuni o Tinduf. Del mismo modo, las comisiones m\u00e9dico-quir\u00fargicas que acuden a prestar su ayuda a esta poblaci\u00f3n tienen que evacuar a los pacientes al hospital Nacional para incluso peque\u00f1as intervenciones quir\u00fargicas. Y todo ello con 170 kms. de desierto a recorrer, 170 kil\u00f3metros que, salvo casos de excelente buen tiempo, pueden suponer entre cinco y siete horas para llevar a cabo esas evacuaciones.<\/span><\/p>\n<p style=\"text-align: justify;\"><span style=\"color: #333399;\">Dajla, aparte de la lejan\u00eda de cualquier centro hospitalario cuenta con una poblaci\u00f3n n\u00f3mada y estable de alrededor de 15.000 habitantes. La poblaci\u00f3n aumenta considerablemente con la llegada del festival de cine Fisahara. Asimismo Dajla posee la sede del Congreso Nacional Saharaui.<\/span><\/p>\n<figure id=\"attachment_5675\" aria-describedby=\"caption-attachment-5675\" style=\"width: 500px\" class=\"wp-caption aligncenter\"><img loading=\"lazy\" decoding=\"async\" class=\"wp-image-5675 size-full\" src=\"https:\/\/www.amalesperanza.org\/wp-content\/uploads\/2017\/03\/Carga-material-quir\u00f3fano-del-hospital-de-Dajla2.jpg\" alt=\"Carga material quir\u00f3fano del hospital de Dajla2\" width=\"500\" height=\"268\" srcset=\"https:\/\/www.amalesperanza.org\/wp-content\/uploads\/2017\/03\/Carga-material-quir\u00f3fano-del-hospital-de-Dajla2.jpg 500w, https:\/\/www.amalesperanza.org\/wp-content\/uploads\/2017\/03\/Carga-material-quir\u00f3fano-del-hospital-de-Dajla2-300x161.jpg 300w\" sizes=\"auto, (max-width: 500px) 100vw, 500px\" \/><figcaption id=\"caption-attachment-5675\" class=\"wp-caption-text\"><span style=\"color: #333399;\">Carga de material de quir\u00f3fano en el cami\u00f3n de AMAL<\/span><\/figcaption><\/figure>\n<p style=\"text-align: justify;\"><span style=\"color: #333399;\">Por todo ello, se han asociado, de manera solidaria la <strong>Asociaci\u00f3n Amal Esperanza, la Fundaci\u00f3n La Vicu\u00f1a ORL y la Fundaci\u00f3n Dr. Pascual<\/strong>, para llevar a cabo este ambicioso proyecto de construcci\u00f3n, habilitaci\u00f3n, puesta en funcionamiento de una unidad quir\u00fargica en el hospital de Dajla, as\u00ed como el mantenimiento de las instalaciones y de los fungibles necesarios.<\/span><\/p>\n<ol style=\"text-align: justify;\" start=\"2\">\n<li><span style=\"color: #333399;\"><strong>DESCRIPCI\u00d3N\u00a0DEL PROYECTO DE\u00a0<\/strong><b>COOPERACI\u00d3N<\/b><\/span><\/li>\n<\/ol>\n<p style=\"text-align: justify;\"><span style=\"color: #333399;\">En primer lugar, es imprescindible empezar contando que el nacimiento de este proyecto parte del conocimiento com\u00fan que miembros de la asociaci\u00f3n Amal Esperanza y la fundaci\u00f3n La Vicu\u00f1a ORL tienen de la situaci\u00f3n del campamento de Dajla, y en concreto del hospital regional en el que se pretende intervenir. La primera, por su reciente intervenci\u00f3n en dicho hospital, creando all\u00ed el primer Centro de Atenci\u00f3n Temprana de Discapacidades de los Campamentos de Refugiados; la segunda, por la ya larga tradici\u00f3n de viajes en calidad de comisi\u00f3n m\u00e9dica ORL de sus miembros.<\/span><\/p>\n<figure id=\"attachment_5676\" aria-describedby=\"caption-attachment-5676\" style=\"width: 500px\" class=\"wp-caption aligncenter\"><img loading=\"lazy\" decoding=\"async\" class=\"wp-image-5676 size-full\" src=\"https:\/\/www.amalesperanza.org\/wp-content\/uploads\/2017\/03\/HLA.jpg\" alt=\"HLA\" width=\"500\" height=\"236\" srcset=\"https:\/\/www.amalesperanza.org\/wp-content\/uploads\/2017\/03\/HLA.jpg 500w, https:\/\/www.amalesperanza.org\/wp-content\/uploads\/2017\/03\/HLA-300x142.jpg 300w\" sizes=\"auto, (max-width: 500px) 100vw, 500px\" \/><figcaption id=\"caption-attachment-5676\" class=\"wp-caption-text\"><span style=\"color: #333399;\">Grupo HLA haciendo entrega de material quir\u00fargico<\/span><\/figcaption><\/figure>\n<p style=\"text-align: justify;\"><span style=\"color: #333399;\">Este conocimiento, la constancia de las dificultades descritas en el ep\u00edgrafe anterior, y la ocasi\u00f3n de una donaci\u00f3n inicial de material quir\u00fargico realizada por el centro <strong>Ballesol de Bilbao<\/strong>, a las que se a\u00f1adieron otras posteriores del <strong>Hospital Puerta del Sur<\/strong>, <strong>Grupo HLA de Jerez de la Frontera<\/strong> y del <strong>Hospital Santa Isabel<\/strong> tambi\u00e9n del <strong>Grupo HLA, de Sevilla<\/strong>.<\/span><\/p>\n<figure id=\"attachment_5678\" aria-describedby=\"caption-attachment-5678\" style=\"width: 500px\" class=\"wp-caption aligncenter\"><img loading=\"lazy\" decoding=\"async\" class=\"size-full wp-image-5678\" src=\"https:\/\/www.amalesperanza.org\/wp-content\/uploads\/2017\/03\/bALLESOL.jpg\" alt=\"Miembros de AMAL recogiendo el material donado por BALLESOL\" width=\"500\" height=\"331\" srcset=\"https:\/\/www.amalesperanza.org\/wp-content\/uploads\/2017\/03\/bALLESOL.jpg 500w, https:\/\/www.amalesperanza.org\/wp-content\/uploads\/2017\/03\/bALLESOL-300x199.jpg 300w\" sizes=\"auto, (max-width: 500px) 100vw, 500px\" \/><figcaption id=\"caption-attachment-5678\" class=\"wp-caption-text\"><span style=\"color: #333399;\">Miembros de AMAL recogiendo el material donado por BALLESOL<\/span><\/figcaption><\/figure>\n<h6 style=\"text-align: justify;\"><span style=\"color: #333399;\">DEFINICI\u00d3N DEL SERVICIO<\/span><\/h6>\n<p style=\"text-align: justify;\"><span style=\"color: #333399;\">Unidad de cirug\u00eda mayor ambulatoria, ubicada en el hospital regional de Dajla, a partir de dependencias del propio hospital, actualmente en desuso.<\/span><\/p>\n<pre style=\"text-align: justify;\"><span style=\"color: #333399;\"><strong>1) FASE DE CONSTRUCCI\u00d3N<\/strong><\/span><\/pre>\n<p style=\"text-align: justify;\"><span style=\"color: #333399;\">Se adjudicar\u00e1n al menos dos habitaciones del Hospital de Dajla para realizar las obras encaminadas a construir, en una de ellas, un quir\u00f3fano para cirug\u00eda mayor ambulatoria con anestesia local y sedaci\u00f3n. Y una zona (segunda habitaci\u00f3n) con al menos de dos a cinco camas monitorizadas, con tomas de oxigeno y aspiraci\u00f3n, que servir\u00e1n de unidad de vigilancia intensiva tras la cirug\u00eda, hasta la normalizaci\u00f3n de los pacientes que pasar\u00e1n a la zona de hospitalizaci\u00f3n general del hospital o ser\u00e1n dadas de alta, dependiendo del criterio de los profesionales.<\/span><\/p>\n<p style=\"text-align: justify;\"><span style=\"color: #333399;\"><em><strong>A) Quir\u00f3fano.<\/strong><\/em><\/span><\/p>\n<p style=\"text-align: justify;\"><span style=\"color: #333399;\">Ser\u00e1 un habit\u00e1culo de 24 metros cuadrados, sin ventanas, con puerta de acceso oscilo- batiente de una o dos hojas, pero de anchura 100 cms m\u00ednimo, para el paso de una cama o camilla.<\/span><\/p>\n<p style=\"text-align: justify;\"><span style=\"color: #333399;\">Las paredes ser\u00e1n lisas, enlucidas de yeso y pintadas con pintura pl\u00e1stica resistente al fregado.<\/span><\/p>\n<p style=\"text-align: justify;\"><span style=\"color: #333399;\">El suelo ser\u00e1 de cemento fratasado fino para pintarlo de una pintura especial epoxi resistente a la erosi\u00f3n y ralladuras. Z\u00f3calos y esquinas se ejecutar\u00e1n en media ca\u00f1a para evitar \u00e1ngulos donde sea dif\u00edcil la limpieza.<\/span><\/p>\n<p style=\"text-align: justify;\"><span style=\"color: #333399;\">Los techos ser\u00e1n de yeso, no de paneles registrables, para evitar la ca\u00edda de polvo.<\/span><\/p>\n<p style=\"text-align: justify;\"><span style=\"color: #333399;\">Dotado de fregadero-lavamanos, con encimera de piedra artificial o material no poroso para evitar acumulo de microorganismos.<\/span><\/p>\n<p style=\"text-align: justify;\"><span style=\"color: #333399;\">Electricidad: cuadro de luces y de fuerza con tomas de pared en cantidad suficiente para abastecer de corriente a todo el material quir\u00fargico. Asimismo toma a tierra en todos los muebles met\u00e1licos, aparatos y mesa de quir\u00f3fano. Los conjuntos de tomas de corriente estar\u00e1n protegidos, cada uno de ellos, por una interruptor magnetot\u00e9rmico.<\/span><\/p>\n<p style=\"text-align: justify;\"><span style=\"color: #333399;\">Desag\u00fce: se tender\u00e1 una red desde el fregadero- lavamanos hasta el sistema de saneamiento del hospital.<\/span><\/p>\n<p style=\"text-align: justify;\"><span style=\"color: #333399;\">Tomas de Oxigeno y aire: Se llevar\u00e1 a cabo la conducci\u00f3n mediante tuber\u00edas desde la zona de almacenamiento de las balas de ox\u00edgeno hasta el quir\u00f3fano, con la instalaci\u00f3n de dispositivos especiales de enchufe de seguridad a la pared, siendo bien diferenciadas las dos tomas.<\/span><\/p>\n<p style=\"text-align: justify;\"><span style=\"color: #333399;\"><em><strong>B) Unidad de vigilancia intensiva (UVI):<\/strong><\/em><\/span><\/p>\n<p style=\"text-align: justify;\"><span style=\"color: #333399;\">Habit\u00e1culo de 15 metros cuadrados donde se colocar\u00e1n, dependiendo de las dimensiones del mismo, de dos a cinco camas monitorizadas con toma de oxigeno y aspiraci\u00f3n, iluminaci\u00f3n y tomas de electricidad por cama. Se completar\u00e1 con un anejo cuarto de ba\u00f1o con pileta para lavado de orinales, v\u00f3mitos, etc.<\/span><\/p>\n<p style=\"text-align: justify;\"><span style=\"color: #333399;\">Por \u00faltimo, se completar\u00e1 la estructura con una habitaci\u00f3n para almacenaje de material.<\/span><\/p>\n<p style=\"text-align: justify;\"><span style=\"color: #333399;\">De esta fase de construcci\u00f3n se har\u00e1 cargo la asociaci\u00f3n Amal Esperanza, con asentamiento local y experiencia en otras construcciones en los Campamentos, en base a proyectos redactados en Espa\u00f1a y ejecutados por personal local saharaui.<\/span><\/p>\n<pre style=\"text-align: justify;\"><span style=\"color: #333399;\"><strong>2) EQUIPAMIENTO-<\/strong><b>DOTACI\u00d3N<\/b><\/span><\/pre>\n<p style=\"text-align: justify;\"><span style=\"color: #333399;\">Estas unidades estar\u00e1n dotadas del siguiente material y equipo:<\/span><\/p>\n<p style=\"text-align: justify;\"><span style=\"color: #333399;\"><em><strong>A) Quir\u00f3fano:<\/strong><\/em><\/span><\/p>\n<p style=\"text-align: justify;\"><span style=\"color: #333399;\">Mesa de cirug\u00eda multifunci\u00f3n. L\u00e1mpara de cirug\u00eda. Mesas de instrumental. Armarios, de pared y bajo la encimera, para clasificaci\u00f3n y almacenamiento de instrumental y fungibles. Fregadero- lavamanos. Grifo de agua caliente-fr\u00eda. Respirador- carro de anestesia equipado. Desfibrilador. Laringoscopios. Monitor de tensi\u00f3n arterial, ECG y O2. Bistur\u00ed el\u00e9ctrico. Aspirador. Vacuum-ventosa para partos. Ec\u00f3grafo. Unidad de reanimaci\u00f3n. Fuente de luz fr\u00eda. Fot\u00f3foro el\u00e9ctrico. Esterilizadora. Empaquetadora de instrumental. Microscopio Quir\u00fargico.<\/span><\/p>\n<p style=\"text-align: justify;\"><span style=\"color: #333399;\"><em><strong>B) Unidad de vigilancia intensiva (UVI):<\/strong><\/em><\/span><\/p>\n<p style=\"text-align: justify;\"><span style=\"color: #333399;\">2-5 camas con mesilla de noche. Mesa de despacho y silla. Sill\u00f3n- cama para pacientes no encamados. Dos camillas con ruedas para traslados. Monitores. Ordenador.<\/span><\/p>\n<p style=\"text-align: justify;\"><span style=\"color: #333399;\">Del equipamiento y la dotaci\u00f3n se encargar\u00e1, coordinando la pol\u00edtica de donaciones del proyecto, la fundaci\u00f3n La Vicu\u00f1a, dada su experiencia sanitaria en los Campamentos de refugiados saharauis.<\/span><\/p>\n<pre style=\"text-align: justify;\"><span style=\"color: #333399;\"><strong>3) RECURSOS HUMANOS<\/strong><\/span><\/pre>\n<p style=\"text-align: justify;\"><span style=\"color: #333399;\">Este Servicio ser\u00e1 atendido por el personal propio del hospital tales como m\u00e9dicos, enfermer@s, auxiliares cl\u00ednicos y servicio de limpieza.<\/span><\/p>\n<p style=\"text-align: justify;\"><span style=\"color: #333399;\">Solo har\u00e1 falta adiestrar a un m\u00e9dico cualificado saharaui en el manejo de equipos de resucitaci\u00f3n, monitorizaci\u00f3n y t\u00e9cnicas anest\u00e9sicas local, regional y espinal y asistencia anest\u00e9sica general sin gases. Adem\u00e1s de cuidados intensivos.<\/span><\/p>\n<p style=\"text-align: justify;\"><span style=\"color: #333399;\">De dicho adiestramiento se har\u00eda cargo la Fundaci\u00f3n Dr. Pascual, que ofrece su Hospital de Santa Mar\u00eda del Puerto, mediante invitaci\u00f3n por un periodo no inferior a tres meses y no superior a seis meses, para este m\u00e9dico.<\/span><\/p>\n<p style=\"text-align: justify;\"><span style=\"color: #333399;\">Dadas las fechas actuales, y la programaci\u00f3n que m\u00e1s adelante se expondr\u00e1, entendemos que el per\u00edodo id\u00f3neo de formaci\u00f3n ser\u00e1 el que discurra entre los meses de mayo y septiembre del presente 2017.<\/span><\/p>\n<p style=\"text-align: justify;\"><span style=\"color: #333399;\">Una vez haya acabado el periodo de formaci\u00f3n, ser\u00e1 \u00e9l el que forme al resto del personal en el funcionamiento correcto del Servicio objeto de este Proyecto.<\/span><\/p>\n<pre style=\"text-align: justify;\"><span style=\"color: #333399;\"><strong>4) MATERIAL FUNGIBLE Y MANTIMIENTO<\/strong><\/span><\/pre>\n<p style=\"text-align: justify;\"><span style=\"color: #333399;\">Partiendo de la base de integrar el aporte inicial de material fungible en la pol\u00edtica de donaciones que se llevar\u00e1 desde el proyecto, se dise\u00f1ar\u00e1 una estrategia de mantenimiento y reposici\u00f3n del mismo que, en l\u00edneas generales, se basar\u00e1 en un protocolo de uso de la unidad, a acordar con el gobierno de la wilaya de Dajla y la direcci\u00f3n del Hospital, que incluir\u00e1 mediadas como un libro registro de aportaciones y uso de material fungible por parte de tercero (las comisiones m\u00e9dicas), as\u00ed como de medidas de fomento de la colaboraci\u00f3n de estos terceros en el mantenimiento de dicho material.<\/span><\/p>\n<pre style=\"text-align: justify;\"><span style=\"color: #333399;\"><strong>5) LOG\u00cdSTICA DEL PROYECTO<\/strong><\/span><\/pre>\n<p style=\"text-align: justify;\"><span style=\"color: #333399;\">Un proyecto de esta complejidad requiere de cierta infraestructura para llevarse a cabo. Hablamos, fundamentalmente, de medios en los Campamentos y de viaje de personal para la puesta en marcha, el seguimiento y el control del desarrollo.<\/span><\/p>\n<p style=\"text-align: justify;\"><span style=\"color: #333399;\">De esto se encargar\u00e1, de forma conjunta, personal de la asociaci\u00f3n amal Esperanza y la fundaci\u00f3n la Vicu\u00f1a.<\/span><\/p>\n<ol style=\"text-align: justify;\" start=\"3\">\n<li><span style=\"color: #333399;\"><strong> PROGRAMACI\u00d3N TEMPORAL DEL PROYECTO<\/strong><\/span><\/li>\n<\/ol>\n<p style=\"text-align: justify;\"><span style=\"color: #333399;\">De forma sucinta, la programaci\u00f3n temporal puede resumirse en los siguientes hitos:<\/span><\/p>\n<ol style=\"text-align: justify;\">\n<li><span style=\"color: #333399;\">Env\u00edo de material pesado (cami\u00f3n de Amal Esperanza): marzo de 2017<\/span><\/li>\n<li><span style=\"color: #333399;\">Encargo de obra de adaptaci\u00f3n: abril de 2017<\/span><\/li>\n<li><span style=\"color: #333399;\">Formaci\u00f3n del m\u00e9dico saharaui en Espa\u00f1a: abril-septiembre de 2017<\/span><\/li>\n<li><span style=\"color: #333399;\">Finalizaci\u00f3n de la obra: septiembre de 2017<\/span><\/li>\n<li><span style=\"color: #333399;\">Viaje de cooperantes de Amal y La Vicu\u00f1a: 7 al 21 de octubre de 2017.\u00a0En ese momento, octubre de 2017, se recepcionar\u00e1 la obra de adaptaci\u00f3n de la unidad, se instalar\u00e1 el material y equipamiento enviado en el cami\u00f3n, y se pondr\u00e1 en marcha el servicio.<\/span><\/li>\n<li><span style=\"color: #333399;\">Memoria justificativa, actas y certificaciones: noviembre de 2017<\/span><\/li>\n<li><span style=\"color: #333399;\">Seguimiento del proyecto: dos veces al a\u00f1o<\/span><\/li>\n<\/ol>\n<p><span style=\"color: #333399;\">AMAL ESPERANZA, marzo 2017<\/span><\/p>\n","protected":false},"excerpt":{"rendered":"<p>Construcci\u00f3n, dotaci\u00f3n y mantenimiento de una unidad de Cirug\u00eda mayor ambulatoria en el Hospital de Dajla Octubre de 2017:\u00a0A finales del pasado mes de septiembre se concluyeron las obras de construcci\u00f3n del \u00e1rea quir\u00fargica (quir\u00f3fano m\u00e1s sala postoperatorio), a la que se a\u00f1adieron una sala preoperatorio y una zona de almacenaje de medicamentos y esterilizaci\u00f3n. &hellip; <a href=\"https:\/\/www.amalesperanza.org\/?page_id=5671\" class=\"more-link\">Sigue leyendo <span class=\"screen-reader-text\">Construcci\u00f3n de un quir\u00f3fano en el hospital de Dajla<\/span><\/a><\/p>\n","protected":false},"author":3,"featured_media":0,"parent":0,"menu_order":0,"comment_status":"closed","ping_status":"closed","template":"","meta":{"footnotes":""},"class_list":["post-5671","page","type-page","status-publish","hentry"],"_links":{"self":[{"href":"https:\/\/www.amalesperanza.org\/index.php?rest_route=\/wp\/v2\/pages\/5671","targetHints":{"allow":["GET"]}}],"collection":[{"href":"https:\/\/www.amalesperanza.org\/index.php?rest_route=\/wp\/v2\/pages"}],"about":[{"href":"https:\/\/www.amalesperanza.org\/index.php?rest_route=\/wp\/v2\/types\/page"}],"author":[{"embeddable":true,"href":"https:\/\/www.amalesperanza.org\/index.php?rest_route=\/wp\/v2\/users\/3"}],"replies":[{"embeddable":true,"href":"https:\/\/www.amalesperanza.org\/index.php?rest_route=%2Fwp%2Fv2%2Fcomments&post=5671"}],"version-history":[{"count":16,"href":"https:\/\/www.amalesperanza.org\/index.php?rest_route=\/wp\/v2\/pages\/5671\/revisions"}],"predecessor-version":[{"id":5776,"href":"https:\/\/www.amalesperanza.org\/index.php?rest_route=\/wp\/v2\/pages\/5671\/revisions\/5776"}],"wp:attachment":[{"href":"https:\/\/www.amalesperanza.org\/index.php?rest_route=%2Fwp%2Fv2%2Fmedia&parent=5671"}],"curies":[{"name":"wp","href":"https:\/\/api.w.org\/{rel}","templated":true}]}}