{"id":4650,"date":"2013-05-26T21:27:05","date_gmt":"2013-05-26T19:27:05","guid":{"rendered":"http:\/\/www.amalesperanza.org\/?page_id=4650"},"modified":"2014-02-07T19:16:16","modified_gmt":"2014-02-07T18:16:16","slug":"20-aniversario-amal-esperanza","status":"publish","type":"page","link":"https:\/\/www.amalesperanza.org\/?page_id=4650","title":{"rendered":"20 Aniversario Amal Esperanza"},"content":{"rendered":"<h4 style=\"text-align: center;\"><span style=\"color: #993366;\"><strong>1993 &#8211; 2013:<\/strong><\/span><\/h4>\n<h4 align=\"center\"><span style=\"color: #993366;\"><strong>20 A\u00d1OS DE EXISTENCIA DE AMAL ESPERANZA<\/strong><\/span><\/h4>\n<h4 align=\"center\"><span style=\"color: #993366;\"><strong>20 A\u00d1OS DE HERMANAMIENTO EL PUERTO DE SANTA MARIA \u2013 LA G\u00dcERA<\/strong><\/span><\/h4>\n<p>&nbsp;<\/p>\n<h4 align=\"center\"><span style=\"color: #993366;\"><strong>2003 &#8211; 2013:<\/strong><\/span><\/h4>\n<h4 align=\"center\"><span style=\"color: #993366;\"><strong>10 A\u00d1OS DE TRABAJO EN COOPERACION EN AUSERD<\/strong><\/span><\/h4>\n<p>&nbsp;<\/p>\n<p style=\"text-align: justify;\"><span style=\"text-align: justify; color: #993366;\"><img loading=\"lazy\" decoding=\"async\" class=\"alignleft size-full wp-image-4633\" alt=\"AMAL_XX_ANIVERSARIOww\" src=\"https:\/\/www.amalesperanza.org\/wp-content\/uploads\/2013\/05\/AMAL_XX_ANIVERSARIOww.jpg\" width=\"210\" height=\"310\" srcset=\"https:\/\/www.amalesperanza.org\/wp-content\/uploads\/2013\/05\/AMAL_XX_ANIVERSARIOww.jpg 210w, https:\/\/www.amalesperanza.org\/wp-content\/uploads\/2013\/05\/AMAL_XX_ANIVERSARIOww-203x300.jpg 203w\" sizes=\"auto, (max-width: 210px) 100vw, 210px\" \/>En el a\u00f1o 1991 se firmaron los acuerdos de paz entre el Frente POLISARIO, en representaci\u00f3n del Pueblo Saharaui, y el Reino de Marruecos, acuerdo auspiciado por Naciones Unidas para la celebraci\u00f3n de un refer\u00e9ndum de autodeterminaci\u00f3n en el territorio del Sahara Occidental.<\/span><\/p>\n<p style=\"text-align: justify;\"><span style=\"color: #993366;\">El a\u00f1o 1993 se produce el Hermanamiento entre los Ayuntamientos de El Puerto de Santa Mar\u00eda y el Consejo de Gobierno del Campamento de La G\u00fcera, en Auserd, en los Campamentos de refugiados de Argelia. Concretamente, en sesi\u00f3n plenaria celebrada el 22 de abril de ese a\u00f1o 1993.<\/span><\/p>\n<p style=\"text-align: justify;\"><span style=\"color: #993366;\">Una vez paralizado el conflicto b\u00e9lico existente desde 1975, vino a El Puerto de Santa Mar\u00eda un grupo de ni\u00f1os saharauis, ni\u00f1os de los Campamentos de refugiados de Argelia, a pasar el verano con familias de la localidad. Esta iniciativa no solo dio lugar a una de las experiencias de cooperaci\u00f3n m\u00e1s genuinas que a\u00fan persisten, sino que posibilit\u00f3 el nacimiento de la Asociaci\u00f3n Amal Esperanza de Solidaridad con el Pueblo Saharaui.<\/span><\/p>\n<figure id=\"attachment_4695\" aria-describedby=\"caption-attachment-4695\" style=\"width: 584px\" class=\"wp-caption aligncenter\"><img loading=\"lazy\" decoding=\"async\" class=\" wp-image-4695  \" alt=\"Certificaci\u00f3n municipal de la aprobaci\u00f3n del hermanamiento\" src=\"https:\/\/www.amalesperanza.org\/wp-content\/uploads\/2013\/05\/xx1.jpg\" width=\"584\" height=\"587\" srcset=\"https:\/\/www.amalesperanza.org\/wp-content\/uploads\/2013\/05\/xx1.jpg 584w, https:\/\/www.amalesperanza.org\/wp-content\/uploads\/2013\/05\/xx1-150x150.jpg 150w, https:\/\/www.amalesperanza.org\/wp-content\/uploads\/2013\/05\/xx1-298x300.jpg 298w\" sizes=\"auto, (max-width: 584px) 100vw, 584px\" \/><figcaption id=\"caption-attachment-4695\" class=\"wp-caption-text\"><strong>Certificaci\u00f3n municipal de la aprobaci\u00f3n del hermanamiento<\/strong><\/figcaption><\/figure>\n<p style=\"text-align: justify;\"><span style=\"color: #993366;\">Efectivamente, en el a\u00f1o 1993, una vez que se marcharon estos ni\u00f1os, nace Amal Esperanza como medio de hacer permanente la lucha por la libertad de este pueblo hermano al que los espa\u00f1oles tanto debemos. La asociaci\u00f3n se constituy\u00f3 por las familias de acogida y sus fines se expresaron en la propia redacci\u00f3n de los Estatutos.<\/span><\/p>\n<p style=\"text-align: justify;\"><span style=\"text-decoration: underline; color: #993366;\">Art. 4<sup>o<\/sup> Fines<\/span><\/p>\n<p style=\"text-align: justify;\"><span style=\"color: #993366;\"><i>La existencia de esta asociaci\u00f3n tiene como fines:<\/i><\/span><\/p>\n<p style=\"text-align: justify;\"><span style=\"color: #993366;\"><i>a)\u00a0\u00a0\u00a0 Fomentar el entendimiento y desarrollo de los lazos hist\u00f3ricos y de amistad entre los pueblos espa\u00f1ol y saharaui.<\/i><\/span><\/p>\n<p style=\"text-align: justify;\"><span style=\"color: #993366;\"><i>b)\u00a0\u00a0\u00a0 Promover ante el pueblo espa\u00f1ol a trav\u00e9s de los medios de difusi\u00f3n cultural m\u00e1s amplios, y en especial de la difusi\u00f3n de pel\u00edculas, artesan\u00edas, exposiciones, publicaciones y actos de orden cultural y pol\u00edtico de cualquier \u00edndole, la aproximaci\u00f3n al conocimiento de la vida y caracter\u00edsticas del pueblo saharaui.<\/i><\/span><\/p>\n<p style=\"text-align: justify;\"><span style=\"color: #993366;\"><i>c)\u00a0\u00a0\u00a0 Desarrollar todo tipo de iniciativas de apoyo y ayuda humanitaria de salud, alimenticia, cultural y pol\u00edtica, haciendo menci\u00f3n muy especial a la infancia saharaui.<\/i><\/span><\/p>\n<p style=\"text-align: justify;\"><span style=\"color: #993366;\"><i>d)\u00a0\u00a0\u00a0 Desarrollar todo tipo de iniciativas que redunden en un mayor intercambio del acervo humanitario y solidaridad de Espa\u00f1a y la Rep\u00fablica \u00c1rabe Saharaui Democr\u00e1tica (RASD), estimulando las relaciones sociales, econ\u00f3micas, pol\u00edticas y culturales entre ambos pa\u00edses.<\/i><\/span><\/p>\n<figure id=\"attachment_4712\" aria-describedby=\"caption-attachment-4712\" style=\"width: 407px\" class=\"wp-caption aligncenter\"><img loading=\"lazy\" decoding=\"async\" class=\"size-full wp-image-4712 \" alt=\"Nota de prensa 31.07.1993: primer a\u00f1o del programa Vacaciones en Paz\" src=\"https:\/\/www.amalesperanza.org\/wp-content\/uploads\/2013\/05\/xx2.jpg\" width=\"407\" height=\"388\" srcset=\"https:\/\/www.amalesperanza.org\/wp-content\/uploads\/2013\/05\/xx2.jpg 407w, https:\/\/www.amalesperanza.org\/wp-content\/uploads\/2013\/05\/xx2-300x285.jpg 300w, https:\/\/www.amalesperanza.org\/wp-content\/uploads\/2013\/05\/xx2-314x300.jpg 314w\" sizes=\"auto, (max-width: 407px) 100vw, 407px\" \/><figcaption id=\"caption-attachment-4712\" class=\"wp-caption-text\"><strong>Nota de prensa 31.07.1993: primer a\u00f1o del programa Vacaciones en Paz<\/strong><\/figcaption><\/figure>\n<p style=\"text-align: justify;\"><span style=\"color: #993366;\">A partir de ah\u00ed comienza una larga historia de relaciones que nos ha llevado hasta el d\u00eda de hoy, con el conflicto saharaui sin resolver, con los \u201chermanos\u201d viviendo en el exilio, en condiciones cada vez m\u00e1s duras, y con la necesidad de que entidades como Amal Esperanza, y Hermanamientos como el de El Puerto y La G\u00fcera sigan, pues, existiendo, 20 a\u00f1os despu\u00e9s.<\/span><\/p>\n<figure id=\"attachment_4713\" aria-describedby=\"caption-attachment-4713\" style=\"width: 395px\" class=\"wp-caption alignleft\"><img loading=\"lazy\" decoding=\"async\" class=\"size-full wp-image-4713\" alt=\"xx3\" src=\"https:\/\/www.amalesperanza.org\/wp-content\/uploads\/2013\/05\/xx3.jpg\" width=\"395\" height=\"631\" srcset=\"https:\/\/www.amalesperanza.org\/wp-content\/uploads\/2013\/05\/xx3.jpg 395w, https:\/\/www.amalesperanza.org\/wp-content\/uploads\/2013\/05\/xx3-187x300.jpg 187w\" sizes=\"auto, (max-width: 395px) 100vw, 395px\" \/><figcaption id=\"caption-attachment-4713\" class=\"wp-caption-text\"><strong>Nota de prensa 26.09.1994: 1\u00aa Caravana por la Paz<\/strong><\/figcaption><\/figure>\n<p style=\"text-align: justify;\"><span style=\"color: #993366;\">As\u00ed pues, este a\u00f1o 2013 se cumplen a\u00f1os de momentos tan relevantes en la historia de Amal Esperanza, y de la relaci\u00f3n de El Puerto con los Campamentos de refugiados saharauis. Momento es de recogerla hist\u00f3ricamente, y de aprovechar para recopilar y hacer p\u00fablicos documentos que creemos de inter\u00e9s, todo ello, por supuesto, desde con contenido reivindicativo respecto de los incumplidos derechos del Pueblo Saharaui a su autodeterminaci\u00f3n.<\/span><\/p>\n<figure id=\"attachment_4714\" aria-describedby=\"caption-attachment-4714\" style=\"width: 459px\" class=\"wp-caption aligncenter\"><img loading=\"lazy\" decoding=\"async\" class=\"size-full wp-image-4714\" alt=\"Acuerdo municipal por el que se dota econ\u00f3micamente el Hermanamiento\" src=\"https:\/\/www.amalesperanza.org\/wp-content\/uploads\/2013\/05\/xx4.jpg\" width=\"459\" height=\"276\" srcset=\"https:\/\/www.amalesperanza.org\/wp-content\/uploads\/2013\/05\/xx4.jpg 459w, https:\/\/www.amalesperanza.org\/wp-content\/uploads\/2013\/05\/xx4-300x180.jpg 300w\" sizes=\"auto, (max-width: 459px) 100vw, 459px\" \/><figcaption id=\"caption-attachment-4714\" class=\"wp-caption-text\">Acuerdo municipal por el que se dota econ\u00f3micamente el Hermanamiento<\/figcaption><\/figure>\n<p style=\"text-align: justify;\"><strong><span style=\"color: #993366;\">Para ver los proyectos de cooperaci\u00f3n con Auserd<\/span> <a href=\"https:\/\/www.amalesperanza.org\/?page_id=369\" target=\"_blank\">pinchar aqui<\/a><\/strong><\/p>\n<p style=\"text-align: justify;\"><strong><span style=\"text-decoration: underline; color: #993366;\">Notas de prensa sobre la celebraci\u00f3n del 20 Aniversario:<\/span><\/strong><\/p>\n<h1><a title=\"Enlace permanente a El Ayuntamiento se compromete a seguir colaborando con Amal Esperanza\" href=\"https:\/\/www.amalesperanza.org\/?p=3549\" rel=\"bookmark\">El Ayuntamiento se compromete a seguir colaborando con Amal Esperanza<\/a><\/h1>\n<h1><a title=\"Enlace permanente a AMAL ESPERANZA celebra los 20 a\u00f1os de hermanamiento de El Puerto-La G\u00fcera, y 10 a\u00f1os de cooperaci\u00f3n con Auserd\" href=\"https:\/\/www.amalesperanza.org\/?p=4573\" rel=\"bookmark\">AMAL ESPERANZA celebra los 20 a\u00f1os de hermanamiento de El Puerto-La G\u00fcera, y 10 a\u00f1os de cooperaci\u00f3n con Auserd<\/a><\/h1>\n<h1><a title=\"Enlace permanente a El Puerto celebra 20 a\u00f1os de hermanamiento con La G\u00fcera\" href=\"https:\/\/www.amalesperanza.org\/?p=4595\" rel=\"bookmark\">El Puerto celebra 20 a\u00f1os de hermanamiento con La G\u00fcera<\/a><\/h1>\n<h1><a title=\"Enlace permanente a El Ayuntamiento de El Puerto de Santa Mar\u00eda renueva su compromiso de hermanamiento con La G\u00fcera\" href=\"https:\/\/www.amalesperanza.org\/?p=4590\" rel=\"bookmark\">El Ayuntamiento de El Puerto de Santa Mar\u00eda renueva su compromiso de hermanamiento con La G\u00fcera<\/a><\/h1>\n<h1><a title=\"Enlace permanente a Amal Esperanza hace balance de 20 a\u00f1os de trabajo\" href=\"https:\/\/www.amalesperanza.org\/?p=4598\" rel=\"bookmark\">Amal Esperanza hace balance de 20 a\u00f1os de trabajo<\/a><\/h1>\n<p><strong><span style=\"text-decoration: underline; color: #800000;\">V\u00eddeos relacionados con el 20 aniversario:<\/span><\/strong><\/p>\n<p><span style=\"color: #993366;\">Llegada de los primeros ni\u00f1os saharauis a El Puerto de Santa Mar\u00eda el verano de 1993<\/span><br \/>\n<iframe loading=\"lazy\" src=\"\/\/www.youtube.com\/embed\/5DgV9wDb4kM?rel=0\" height=\"315\" width=\"420\" allowfullscreen=\"\" frameborder=\"0\"><\/iframe><\/p>\n<p style=\"text-align: justify;\"><span style=\"color: #993366;\">05.10.2012. Visita del Gobernador de Auserd a El Puerto de Santa Mar\u00eda, y recepci\u00f3n en el Ayuntamiento por el Alcalde, quien se compromete a seguir colaborando con el pueblo saharaui, subvencionando los proyectos que presenta la asociaci\u00f3n Amal Esperanza con destino a la wilaya de Auserd. \u00a0Tambi\u00e9n se realiza el compromiso de de celebrar en el a\u00f1o 2013 el aniversario del 20 aniversario de El Puerto de Santa Mar\u00eda y La G\u00fcera. El video ha sido cedido por la TV Saharaui.<\/span><\/p>\n<p><iframe loading=\"lazy\" src=\"\/\/www.youtube.com\/embed\/dCS-c_5GHN8\" height=\"315\" width=\"420\" allowfullscreen=\"\" frameborder=\"0\"><\/iframe><\/p>\n<p style=\"text-align: justify;\"><span style=\"color: #993366;\"><iframe loading=\"lazy\" src=\"\/\/www.youtube.com\/embed\/d4zmBAp6BqA\" height=\"315\" width=\"420\" allowfullscreen=\"\" frameborder=\"0\"><\/iframe><\/span><\/p>\n<p style=\"text-align: justify;\"><span style=\"color: #993366;\">V\u00eddeo que conmemora los 20 a\u00f1os (1993-2013) del hermanamiento de El Puerto de Santa Mar\u00eda con La G\u00fcera y los 10 a\u00f1os (2003-2013) de cooperaci\u00f3n en Auserd. Muestra im\u00e1genes de los campamentos de refugiados saharauis y parte del trabajo realizado por la asociaci\u00f3n AMAL ESPERANZA en estos 20 a\u00f1os.<\/span><\/p>\n<p><iframe loading=\"lazy\" src=\"\/\/www.youtube.com\/embed\/8ZLZ8IAREQE\" height=\"315\" width=\"420\" allowfullscreen=\"\" frameborder=\"0\"><\/iframe><\/p>\n<p style=\"text-align: justify;\"><span style=\"color: #993366;\">08.05.2013. 1- Acto institucional en el Ayuntamiento de El Puerto de Santa Mar\u00eda, en el que se ratific\u00f3 el hermanamiento de esta ciudad con la daira de La G\u00fcera (Auserd). Al acto asisti\u00f3 por parte del consistorio el alcalde, Enrique Moresco, la responsable de Bienestar Social, Mariola Tocino, y los portavoces de los grupos pol\u00edticos con representaci\u00f3n municipal, y en representaci\u00f3n de La G\u00fcera el Gobernador de Auserd, Salek Hasena, acompa\u00f1ado por el Presidente de la Asociaci\u00f3n Amal Esperanza, Jes\u00fas Espinar. 2- Acto de Amal Esperanza\u00a0con los colectivos portuenses, con los colaboradores en el trabajo de Cooperaci\u00f3n en Auserd, y con las familias acogedoras de ni\u00f1os saharauis<\/span><\/p>\n<p><iframe loading=\"lazy\" src=\"\/\/www.youtube.com\/embed\/2xhy0HQYeZg\" height=\"315\" width=\"420\" allowfullscreen=\"\" frameborder=\"0\"><\/iframe><\/p>\n<p style=\"text-align: justify;\"><span style=\"color: #993366;\">.<\/span><\/p>\n","protected":false},"excerpt":{"rendered":"<p>1993 &#8211; 2013: 20 A\u00d1OS DE EXISTENCIA DE AMAL ESPERANZA 20 A\u00d1OS DE HERMANAMIENTO EL PUERTO DE SANTA MARIA \u2013 LA G\u00dcERA &nbsp; 2003 &#8211; 2013: 10 A\u00d1OS DE TRABAJO EN COOPERACION EN AUSERD &nbsp; En el a\u00f1o 1991 se firmaron los acuerdos de paz entre el Frente POLISARIO, en representaci\u00f3n del Pueblo Saharaui, y &hellip; <a href=\"https:\/\/www.amalesperanza.org\/?page_id=4650\" class=\"more-link\">Sigue leyendo <span class=\"screen-reader-text\">20 Aniversario Amal Esperanza<\/span><\/a><\/p>\n","protected":false},"author":3,"featured_media":0,"parent":0,"menu_order":2,"comment_status":"closed","ping_status":"closed","template":"","meta":{"footnotes":""},"class_list":["post-4650","page","type-page","status-publish","hentry"],"_links":{"self":[{"href":"https:\/\/www.amalesperanza.org\/index.php?rest_route=\/wp\/v2\/pages\/4650","targetHints":{"allow":["GET"]}}],"collection":[{"href":"https:\/\/www.amalesperanza.org\/index.php?rest_route=\/wp\/v2\/pages"}],"about":[{"href":"https:\/\/www.amalesperanza.org\/index.php?rest_route=\/wp\/v2\/types\/page"}],"author":[{"embeddable":true,"href":"https:\/\/www.amalesperanza.org\/index.php?rest_route=\/wp\/v2\/users\/3"}],"replies":[{"embeddable":true,"href":"https:\/\/www.amalesperanza.org\/index.php?rest_route=%2Fwp%2Fv2%2Fcomments&post=4650"}],"version-history":[{"count":59,"href":"https:\/\/www.amalesperanza.org\/index.php?rest_route=\/wp\/v2\/pages\/4650\/revisions"}],"predecessor-version":[{"id":4914,"href":"https:\/\/www.amalesperanza.org\/index.php?rest_route=\/wp\/v2\/pages\/4650\/revisions\/4914"}],"wp:attachment":[{"href":"https:\/\/www.amalesperanza.org\/index.php?rest_route=%2Fwp%2Fv2%2Fmedia&parent=4650"}],"curies":[{"name":"wp","href":"https:\/\/api.w.org\/{rel}","templated":true}]}}