{"id":1931,"date":"2010-08-27T20:24:23","date_gmt":"2010-08-27T18:24:23","guid":{"rendered":"http:\/\/www.amalesperanza.org\/?page_id=1931"},"modified":"2014-02-07T19:17:15","modified_gmt":"2014-02-07T18:17:15","slug":"sahara-occidental","status":"publish","type":"page","link":"https:\/\/www.amalesperanza.org\/?page_id=1931","title":{"rendered":"SAHARA OCCIDENTAL"},"content":{"rendered":"<p style=\"text-align: center;\"><span style=\"color: #800080;\"><strong><img loading=\"lazy\" decoding=\"async\" class=\"size-full wp-image-3076 aligncenter\" alt=\"\" src=\"https:\/\/www.amalesperanza.org\/wp-content\/uploads\/2010\/08\/saharauis51.jpg\" width=\"500\" height=\"100\" srcset=\"https:\/\/www.amalesperanza.org\/wp-content\/uploads\/2010\/08\/saharauis51.jpg 500w, https:\/\/www.amalesperanza.org\/wp-content\/uploads\/2010\/08\/saharauis51-300x60.jpg 300w\" sizes=\"auto, (max-width: 500px) 100vw, 500px\" \/><\/strong><\/span><\/p>\n<p style=\"text-align: justify;\"><span style=\"color: #800080;\"><strong>Historia del Sahara Occidental<\/strong><\/span><\/p>\n<p style=\"text-align: justify;\"><span style=\"color: #800080;\">S\u00e1hara Occidental, reconocida por unos, ocupada por otros, es, probablemente, la naci\u00f3n africana con una de las situaciones m\u00e1s complejas en este momento, a la espera del deseado refer\u00e9ndum. La injusta colonizaci\u00f3n y posterior abandono por parte de Espa\u00f1a, pasando a manos de Marruecos y Mauritania, a\u00fan sigue teniendo sus consecuencias. Su historia, sin embargo, se remonta mucho m\u00e1s atr\u00e1s, ya desde que comenzase a desarrollar su propio arte con las pinturas rupestres en el Neol\u00edtico.<\/span><\/p>\n<p style=\"text-align: justify;\"><span style=\"color: #800080;\"><strong>Introducci\u00f3n<\/strong><\/span><\/p>\n<p style=\"text-align: justify;\"><span style=\"color: #800080;\">Remont\u00e1ndonos a \u00e9pocas prehist\u00f3ricas, como es de rigor al comenzar este breve an\u00e1lisis hist\u00f3rico, ya tenemos noticias acerca de la ocupaci\u00f3n del hombre, tal y como lo reflejan las pinturas rupestres pertenecientes al Neol\u00edtico encontradas en S\u00e1hara Occidental.<\/span><\/p>\n<p style=\"text-align: justify;\"><span style=\"color: #800080;\">Dada su caracter\u00edstica geograf\u00eda, ya desde este periodo se habla de S\u00e1hara con independencia al resto de los pa\u00edses del norte de \u00c1frica. Sus grabados, arquitectura funeraria y objetos del Neol\u00edtico as\u00ed lo documentan.<\/span><br \/>\n<span style=\"color: #800080;\"> La regi\u00f3n de Saguia El Hamra fue la primera en recibir las oleadas de emigrantes. As\u00ed, los sanhaja, pueblo antecesor de los que luego ser\u00edan los bereberes, emigraron desde el norte hacia el noroeste del continente, expulsando a su paso hacia el sur a la poblaci\u00f3n negra que viv\u00eda en el S\u00e1hara, hasta que llegaron a ocupar todo el territorio, mediante un lento proceso que abarc\u00f3 aproximadamente 1000 a\u00f1os.<\/span><\/p>\n<p style=\"text-align: justify;\"><span style=\"color: #800080;\">Igualmente, y tras un largo proceso, estos pueblos acabaron por cambiar su modo de vida, haci\u00e9ndose n\u00f3madas con el tiempo. Aproximadamente en el s.III d.C. los bereberes comenzaron a trasladarse frecuentemente, siempre en busca de pasto para sus ganados. Es en esta misma \u00e9poca cuando se delimitan las fronteras entre la zona sedentaria, al norte de Draa y el tipo de vida n\u00f3mada que se lleva a cabo en el sur.<\/span><\/p>\n<p style=\"text-align: justify;\"><span style=\"color: #800080;\"><strong>La islamizaci\u00f3n <\/strong><\/span><\/p>\n<p style=\"text-align: justify;\"><span style=\"color: #800080;\">La conversi\u00f3n al Islam lleg\u00f3, para los habitantes de S\u00e1hara, en el s.VIII, aunque si bien dicha islamizaci\u00f3n no era muy fuerte. En esta \u00e9poca todos los pa\u00edses vecinos ya hab\u00edan recibido esta nueva f\u00e9, que S\u00e1hara Occidental se resist\u00eda a aceptar, aunque fue finalmente en el s.XI cuando se lleg\u00f3 a consolidar esta adhesi\u00f3n al Islam. Dicha consolidaci\u00f3n se produjo gracias a Abdallah Ibn Yacin quien, al mando de las tropas almor\u00e1vides, llev\u00f3 a cabo la invasi\u00f3n del norte de \u00c1frica: Mal\u00ed, Mauritania, Marruecos y Argelia, hasta llegar al sur de Espa\u00f1a. Mientras, se produjeron una serie de conflictos entre la confederaci\u00f3n almor\u00e1vide que hicieron que se dividiesen.<\/span><\/p>\n<p style=\"text-align: justify;\"><span style=\"color: #800080;\">Una gran parte de los bereberes se dirigi\u00f3 a Marruecos, fundando Marraquech y adoptando un nuevo tipo de vida, mientras que otros se dirigieron al sur.<\/span><\/p>\n<p style=\"text-align: justify;\"><span style=\"color: #800080;\">En el s. XIII S\u00e1hara fue ocupada por un pueblo \u00e1rabe beduino, los Beni Hassan, procedentes del Yemen, quienes expulsaron a todos los que encontraron hasta encontar a los Sanhaja, con quienes acabaron fusion\u00e1ndose despu\u00e9s de bastantes enfrentamientos. Es a partir de esta fusi\u00f3n de pueblos de donde S\u00e1hara Occidental queda ya arabizado y se tiene la idea que proviene el pueblo que hoy conocemos como saharaui.<\/span><\/p>\n<p style=\"text-align: justify;\"><span style=\"color: #800080;\">Entre los siglos XIII y XVI, los habitantes del S\u00e1hara Occidental se mov\u00edan a trav\u00e9s del desierto por rutas m\u00e1s o menos regulares y no conoc\u00edan ni fronteras ni ningun poder por encima de ellos.<\/span><\/p>\n<p style=\"text-align: justify;\"><span style=\"color: #800080;\"><strong>Formaci\u00f3n de tribus y clases sociales <\/strong><\/span><\/p>\n<p style=\"text-align: justify;\"><span style=\"color: #800080;\">A la zona de Saguia el- Hamra llegan, en el s.XVI, distintos grupos de m\u00edsticos que buscan la santificaci\u00f3n por medio de la oraci\u00f3n y la soledad. La zona ser\u00e1 desde entonces conocida como Tierra de Santos por todos los musulmanes del Africa noroccidental. Los m\u00e1s destacados se distinguen, con sus familias, del resto de los grupos bereberes. Sid Ahmed el Ergueib es Padre de los Erguibat; Sid Ahmed el Arosi, de los Arosien; Sid Ahmed Bo Gambor de los Uld Tidrarin.<\/span><\/p>\n<p style=\"text-align: justify;\"><span style=\"color: #800080;\">La situaci\u00f3n conllevar\u00e1 que, en el s.XVII, tanto los descendientes de los almor\u00e1vides como los del resto de las tribus van a la lucha por la supremac\u00eda de poder, produci\u00e9ndose as\u00ed la guerra de Chaad Bubba, en la que son aplastados los primeros y se les anula su condici\u00f3n de guerreros. Tras esta batalla se crea un orden social que permanece hasta ahora.<\/span><\/p>\n<p style=\"text-align: justify;\"><span style=\"color: #800080;\">En dicho orden encontramos, en la c\u00faspide, los chorfa (descendientes del Profeta) cuya santidad de origen les protege de posibles ataques por otras tribus; debajo los arab, guerreros vencedores que se establecen en las zonas de pastos, y los zuaia, vencidos, dedicados desde ese instante al estudio y a la meditaci\u00f3n religiosa y habitantes del Tiris. Los vencidos se establecen en las zonas de nomadeo.El tercer escal\u00f3n est\u00e1 compuesto por znaga, tributarios de otros pueblos, \u00faltimos descendientes de los zenetas, malemin, artesanos y descendientes de jud\u00edos. Los tributarios se sit\u00faan en la costa, considerada la parte mnos valiosa del pa\u00eds. Por \u00faltimo, se encuentran los haratin, libertos, y esclavos.<\/span><\/p>\n<p style=\"text-align: justify;\"><span style=\"color: #800080;\">Con esta distribuci\u00f3n, todo el territorio queda en equilibrio y cada tribu queda establecida as\u00ed como un peque\u00f1o estado. Entre ellas hay simpat\u00edas y recelos, pero, en el caso de problemas externos, todas se un\u00edan para hacer frente al enemigo com\u00fan. Del mismo modo, todas reconocen un l\u00edmite com\u00fan, el Jat al-Jaof (l\u00ednea de peligro), que coincide casi con exactitud con la frontera natural del territorio, y exactamente con la frontera cultural.<\/span><\/p>\n<p style=\"text-align: justify;\"><span style=\"color: #800080;\"><strong>S\u00e1hara y los europeos<\/strong><\/span><\/p>\n<p style=\"text-align: justify;\"><span style=\"color: #800080;\">Los antiguos griegos conocieron, de un modo m\u00e1s legendario que real, al S\u00e1hara por sus costas. De los romanos, consta un conocimiento m\u00e1s profundo. A los viajes de ge\u00f3grafos e historiadores (cuyas memorias se conservan por los testimonios de Plinio, Estrab\u00f3n, Polibio, Ptolomeo, etc.) se unen las expediciones militares de Julius Maternus y Cornelius Balbus, entre otros.<\/span><\/p>\n<p style=\"text-align: justify;\"><span style=\"color: #800080;\">Viajes de navegantes espa\u00f1oles y portugueses en los siglos XIV a XVII presentaron una imagen de las costas en Europa. Los portugueses y espa\u00f1oles se dividieron en asentamientos, pactando libremente con las tribus y comerciando con ellas.<\/span><\/p>\n<p style=\"text-align: justify;\"><span style=\"color: #800080;\">El interior era conocido por la obra de Le\u00f3n el Africano, y del espa\u00f1ol Luis de M\u00e1rmol. Seg\u00fan \u00e9stos, \u00c1frica se divid\u00eda en tres zonas: Barbar\u00eda o Berber\u00eda, regi\u00f3n Norsahariana, el Biledulgerid o Pa\u00eds de los N\u00f3madas (desierto del S\u00e1hara) en el centro, y el Pa\u00eds de los Negros al Sur. En el Biledulgerid, el S\u00e1hara Occidental, limitaba al Este con los Tuaregs, en esa \u00e9poca no musulmanes.<\/span><\/p>\n<p style=\"text-align: justify;\"><span style=\"color: #800080;\">A principios del siglo XV la corona de Castilla incorpora el archipi\u00e9lago canario y se establecen en la costa atl\u00e1ntica diversos emplazamientos con objeto de controlar posibles peligros para las islas Canarias. As\u00ed, en 1476 Diego de Herrera constru\u00eda Santa Cruz, hoy identificada con Ifni, que adem\u00e1s report\u00f3 una serie de ventajas econ\u00f3micas. El hecho suscit\u00f3 reclamaciones por parte de los portugueses, los cuales tambi\u00e9n realizaban expediciones en la zona, por lo que se lleg\u00f3 a un acuerdo firm\u00e1ndose el tratado de Cintra en 1509 en el que se fijaban los l\u00edmites de ambas naciones.<\/span><br \/>\n<span style=\"color: #800080;\"> En una carta fechada el 30 de mayo de 1767 y dirigida al Rey de Espa\u00f1a Carlos III, el sult\u00e1n alauita, Mohamed Ben Abdal-lah, reconoce formalmente no tener ning\u00fan poder ni autoridad al sur del r\u00edo Nun. Durante este siglo Saguia el Hamra se conoci\u00f3 como la \u201cTierra de los Santos\u201d, un centro de aprendizaje y misticidad, que atrajo gente en busca de conocimientos profundos.<\/span><\/p>\n<p style=\"text-align: justify;\"><span style=\"color: #800080;\">Posteriormente, en un acuerdo firmado con Espa\u00f1a el 1 de marzo de 1799, el sult\u00e1n Mulay Suleiman reconoce no tener autoridad ni poder sobre Saguia El Hamra. Lo mismo reconoce el sult\u00e1n Mulay Abderrahman a los ingleses en un acuerdo firmado el 9 de septiembre de 1856. Expediciones interesantes fueron en el siglo XIX entre otras las de Gatell, de la Sociedad Espa\u00f1ola de Africanistas y Colonias, Alvarez P\u00e9rez, Bonelli, Quiroga.<\/span><\/p>\n<p style=\"text-align: justify;\"><span style=\"color: #800080;\">Hasta mediados del siglo XIX, la tierra saharaui, exceptuando espor\u00e1dicos y fracasados intentos de ocupaci\u00f3n, est\u00e1 totalmente libre de la ocupaci\u00f3n extranjera. Las relaciones con Espa\u00f1a se limitaron en su mayor\u00eda a cuestiones sobre pesca, el inter\u00e9s espa\u00f1ol en el territorio estaba principalmente determinado por su deseo de proteger el archipi\u00e9lago canario, a pesar de las relaciones amistosas y de comercio entre los saharauis y los canarios desde el siglo XV.<\/span><\/p>\n<p style=\"text-align: justify;\"><span style=\"color: #800080;\">En el tratado de Tetu\u00e1n con Marruecos, en 1860, se ped\u00eda el reconocimiento de los territorios. El resultado fue parcial y a pesar de que en 1884 se declar\u00f3 zona de protectorado la comprendida entre Cabo Blanco y Bojador y de acuerdo con el jeque de la zona mauritana, la conferencia internacional del siguiente a\u00f1o en Berl\u00edn no tiene en cuenta los derechos espa\u00f1oles. La Conferencia fija las reglas para que las potencias europeas se repartan las colonias en \u00c1frica. En el acta final se recomienda \u201cfirmar tratados con los nativos y tomar posesi\u00f3n de los terrenos sin due\u00f1o conocido\u201d. En 1886 se inician las negociaciones para definir las fronteras entre las zonas francesa y espa\u00f1ola, y los saharauis inician sus hostilidades contra la ocupaci\u00f3n colonial, y as\u00ed atacan al primer puesto espa\u00f1ol, en marzo de 1884, logrando ocuparlo y m\u00e1s tarde destruirlo. Finalmente los Tratados de 1900,1902,1904 y 1912 con el gobierno franc\u00e9s van reduciendo el territorio sahariano hasta quedar en los l\u00edmites actuales, el cual se declar\u00f3 provincia espa\u00f1ola en 1958.<\/span><\/p>\n<p style=\"text-align: justify;\"><span style=\"color: #800080;\"><strong>Colonizaci\u00f3n y descolonizaci\u00f3n espa\u00f1ola <\/strong><\/span><\/p>\n<p style=\"text-align: justify;\"><span style=\"color: #800080;\">Las fronteras que delimitan el territorio de S\u00e1hara Occidental se definieron en los acuerdos que Francia y Espa\u00f1a llevaron a cabo entre 1900 y 1912, cuando Francia era el principal colonizador en el norte de \u00c1frica. Pero debido a la resistencia de los saharauis, el control del S\u00e1hara Occidental por parte de los espa\u00f1oles no se hizo efectivo hasta mucho m\u00e1s tarde.<\/span><\/p>\n<p style=\"text-align: justify;\"><span style=\"color: #800080;\">En 1934, los notables de las tribus saharauis firman su sometimiento amistoso a los espa\u00f1oles, que empiezan desde entonces a denominara a la zona como \u201cSahara Espa\u00f1ol\u201d. La ocupaci\u00f3n efectiva de todo el territorio del S\u00e1hara por la administraci\u00f3n espa\u00f1ola ser\u00e1 en 1936, aunque Espa\u00f1a lleva ya 50 a\u00f1os en la regi\u00f3n.<\/span><\/p>\n<p style=\"text-align: justify;\"><span style=\"color: #800080;\">Espa\u00f1a ingresa en las Naciones Unidas en 1955, por lo que debe someterse a los principios del organismo en materia de descolonizaci\u00f3n. Durante la d\u00e9cada de los a\u00f1os 50 y 60, unos setenta pa\u00edses asi\u00e1ticos y africanos consiguieron su independencia. Pero la actitud espa\u00f1ola fue la de intentar ganar tiempo para eludirlo. Los saharauis, que hab\u00edan ayudado a los marroqu\u00edes, mauritanos y argelinos en sus procesos de liberaci\u00f3n contra Francia, pidieron apoyo en su lucha de liberaci\u00f3n contra la continuaci\u00f3n de dominio espa\u00f1ol. Pero, como resultado, los marroqui\u00e9s se negaron a prestar su ayuda al pueblo saharaui y, sin embargo, obtuvieron como regalo de Espa\u00f1a la provincia de Tarfaya, al sur de la frontera marroqu\u00ed, que estuvo hasta entonces bajo dominaci\u00f3n espa\u00f1ola y habitada por saharauis.<\/span><\/p>\n<p style=\"text-align: justify;\"><span style=\"color: #800080;\">En 1963 el Comit\u00e9 Especial de Descolonizaci\u00f3n de Naciones Unidas inclu\u00eda el Sahara Occidental en la relaci\u00f3n preliminar de regiones del mundo a las que se deb\u00eda aplicar la Declaraci\u00f3n sobre concesi\u00f3n de independencia a pa\u00edses y territorios coloniales. En 1965 la ONU proclam\u00f3 el derecho a la autodeterminaci\u00f3n del Pueblo Saharaui y inst\u00f3 a Espa\u00f1a a que agilizara su descolonizaci\u00f3n. A\u00f1os antes, el rey de Marruecos hab\u00eda manifestado su intenci\u00f3n de anexionarse los territorios del Sahara occidental. Hab\u00eda vuelto a aparecer la idea del Gran Imperio so\u00f1ado por Marruecos. Tambi\u00e9n Mauritania, al ver la situaci\u00f3n, se apresur\u00f3 a pedir parte del territorio del Sahara.<\/span><\/p>\n<p style=\"text-align: justify;\"><span style=\"color: #800080;\"><strong>Independencia y ocupaci\u00f3n<\/strong><\/span><\/p>\n<p style=\"text-align: justify;\"><span style=\"color: #800080;\">A principios de los a\u00f1os 70 y ante la presi\u00f3n internacional, Espa\u00f1a decidi\u00f3 convocar un refer\u00e9ndum de autodeterminaci\u00f3n y empez\u00f3 a elaborar el censo de poblaci\u00f3n de S\u00e1hara Occidental. Se fij\u00f3 como fecha para el refer\u00e9ndum 1975 y fue a partir de ese momento cuando comenzaron las presiones de Marruecos y de las dem\u00e1s potencias coloniales para hacer m\u00e1s lento el proceso.<\/span><\/p>\n<p style=\"text-align: justify;\"><span style=\"color: #800080;\">Los saharauis comenzaron a manifestarse a favor de su independencia y se lleg\u00f3 a confrontaciones armadas con los espa\u00f1oles, que acabaron disolviendo el movimiento de liberaci\u00f3n. En 1973 se forma el Congreso Constitutivo del Frente por la Liberaci\u00f3n de Saguia el Hamra y R\u00edo de Oro, conocido como Frente Polisario y liderado por El Uali Mustafa Sayed.<\/span><\/p>\n<p style=\"text-align: justify;\"><span style=\"color: #800080;\">El 12 de mayo de 1975, una Comisi\u00f3n de la ONU viaja al territorio saharaui para comprobar que \u201cel Polisario es la \u00fanica fuerza pol\u00edtica dominante en el territorio y que la inmensa mayor\u00eda del pueblo desea la independencia\u201d. Pero durante el mismo a\u00f1o, y en medio del proceso de la transici\u00f3n democr\u00e1tica iniciada en Espa\u00f1a con la muerte de Franco el 20N, el Gobierno espa\u00f1ol procede a la entrega del territorio de S\u00e1hara Occidental a Mauritania y Marruecos. Comienzan entonces los enfrentamientos armados entre el Ej\u00e9rcito de Liberaci\u00f3n Popular Saharaui (E.L.P.S) y las Fuerzas Armadas Reales Marroqu\u00edes. Marruecos, al mismo tiempo, inicia su \u201cMarcha verde\u201d el 6 noviembre y Mauritania comienza a atacar por el sur. Con esta marcha, Hassan II moviliz\u00f3 a 350.000 hombres y mujeres marroqu\u00edes, adem\u00e1s de 25.000 soldados, para tomar posesi\u00f3n de S\u00e1hara. La poblaci\u00f3n civil saharaui se ve obligada a huir a la regi\u00f3n argelina de Tinduf. El 14 de noviembre, Espa\u00f1a entrega el territorio de S\u00e1hara Occidental a Marruecos y Mauritania, a trav\u00e9s de la firma de los Acuerdos Tripartitos de Madrid.<\/span><\/p>\n<p style=\"text-align: justify;\"><span style=\"color: #800080;\">El Frente Polisario proclama la constituci\u00f3n de la Rep\u00fablica \u00c1rabe Saharaui Democr\u00e1tica el 27 de febrero de 1976, un d\u00eda despu\u00e9s de que las \u00faltimas presencias espa\u00f1olas abandonasen la zona. De la noche a la ma\u00f1ana el territorio pas\u00f3 de manos espa\u00f1olas a manos marroqu\u00eds y mauritanas. Mauritania firm\u00f3 su acuerdo de paz con el frente Polisario en 1979, renunciando a sus derechos sobre el territorio saharaui y la OUA y distintos pa\u00edses han venido reconociendo desde entonces a la nueva rep\u00fablica. Sin embargo, Marruecos, en lugar de hacer lo mismo, se anexion\u00f3 la parte a la que Mauritania renunci\u00f3 para reivindicarla tambi\u00e9n como suya y continu\u00f3 con la ocupaci\u00f3n.<\/span><\/p>\n<p style=\"text-align: justify;\"><span style=\"color: #800080;\"><strong>Paz y refer\u00e9ndum<\/strong><\/span><\/p>\n<p style=\"text-align: justify;\"><span style=\"color: #800080;\">El Consejo de Seguridad de las Naciones Unidas cre\u00f3 un plaz de paz en 1991, as\u00ed como una Comisi\u00f3n especial para el Refer\u00e9ndum en S\u00e1hara Occidental (MINURSO). Esta comisi\u00f3n ha controlado el alto el fuego decretado desde el 6 de septiembre de 1991 y preparado el refer\u00e9ndum para la autodeterminaci\u00f3n, programado para 1992. Sin embargo, la exigencia marroqu\u00ed de incorporar a sus 170.000 candidatos a votantes acab\u00f3 paralizando la celebraci\u00f3n del refer\u00e9ndum.<\/span><\/p>\n<p style=\"text-align: justify;\"><span style=\"color: #800080;\">En 1997, bajo los auspicios de la ONU y el Sr. James Baker como Enviado Especial del Secretario General de la ONU, se reactiva y completa el Plan de Paz. El 16 de Diciembre de 1997 en Espa\u00f1a, el Congreso de los Diputados adopta una disposici\u00f3n no de ley por la que se solicita al Gobierno un plan de apoyo al Refer\u00e9ndum del Sahara Occidental. El mismo a\u00f1o, con los Acuerdos de Houston se fija la fecha para la celebraci\u00f3n del refer\u00e9ndum, en el 7 de Diciembre de 1998. Pero en el mes de Octubre de 1998 el refer\u00e9ndum es aplazado para Diciembre de 1999.<\/span><\/p>\n<p style=\"text-align: justify;\"><span style=\"color: #800080;\">A finales de 1998, el Secretario General de Naciones Unidas, Kofi Annan, visita la zona para presentar una serie de medidas que el frente Polisario acepta. El proceso de identificaci\u00f3n de votantes ha terminado, la Comisi\u00f3n ha identificado a un total de 147.000 personas, y el 1 de Diciembre del mismo a\u00f1o se comunica a Marruecos y el Polisario los resultados del censo elaborado desde 1994. La Comisi\u00f3n decide no hacer p\u00fablica la lista de votantes ante la posici\u00f3n de Rabat. En ausencia de la puesta en pr\u00e1ctica efectiva de los compromisos de Houston sobre la identificaci\u00f3n de 65.000 personas que Marruecos presenta como saharauis, pertenecientes a las tribus contestadas, llevan de nuevo al proceso a una situaci\u00f3n de bloqueo.<\/span><\/p>\n<p style=\"text-align: justify;\"><span style=\"color: #800080;\">Tras los esfuerzos del Secretario General de la ONU que propone en su informe del 27 de abril de 1999 al Consejo de Seguridad el calendario revisado para el proceso referendario, se fija, de este modo, la fecha del refer\u00e9ndum para el 31 de julio del a\u00f1o 2000.<\/span><\/p>\n<p style=\"text-align: justify;\"><span style=\"color: #800080;\">Mientras tanto, la poblaci\u00f3n saharaui que se refugi\u00f3 en Argelia se instal\u00f3 en cuatro grandes campamentos en la Hamada, uno de los lugares m\u00e1s agrestes y duros del S\u00e1hara. All\u00ed han constru\u00eddo talleres, huertos, hospitales, escuelas etc. y contin\u00faan a la espera de la soluci\u00f3n positiva del conflicto.<\/span><\/p>\n<p style=\"text-align: justify;\"><span style=\"color: #800080;\">La diplomacia, sin embargo, no funciona y, tras siete a\u00f1os como mediador, James Baker deja su puesto en junio de 2004, pasando a ser \u00c1lvaro de Soto el nuevo representante del Secretario General de la ONU para S\u00e1hara Occidental.<\/span><\/p>\n<p style=\"text-align: justify;\"><span style=\"color: #800080;\"><strong>Campamento Gdeim Izik<\/strong><\/span><\/p>\n<p style=\"text-align: justify;\"><span style=\"color: #800080;\">A finales del a\u00f1o 2010, el Sahara Occidental vio nacer la manifestaci\u00f3n pac\u00edfica m\u00e1s grande en la historia de la causa saharaui; el campamento de Gdeim Izik, donde m\u00e1s de 20,000 personas (m\u00e1s de 30,000 seg\u00fan el Frente POLISARIO), salieron de sus casas y montaron jaimas (casas de tela) en medio del desierto. \u00c9sta protesta es el inicio de las revoluciones \u00c1rabes y mundiales. (ver documental:<\/span><\/p>\n<p style=\"text-align: justify;\"><span style=\"color: #800080;\"> <a href=\"http:\/\/resistenciasaharaui.saltoscuanticos.org\/?page_id=3873\" target=\"_blank\"><span style=\"color: #800080;\">http:\/\/resistenciasaharaui.saltoscuanticos.org\/?page_id=3873<\/span><\/a>)<\/span><\/p>\n<p style=\"text-align: justify;\"><span style=\"color: #800080;\">\u00a9 afrol News<\/span><\/p>\n<p style=\"text-align: justify;\"><strong style=\"color: #808000;\"><span style=\"color: #993366;\">\u00a0<\/span><\/strong><\/p>\n<address style=\"text-align: left;\"><img loading=\"lazy\" decoding=\"async\" class=\"alignleft size-full wp-image-2055\" alt=\"\" src=\"https:\/\/www.amalesperanza.org\/wp-content\/uploads\/2010\/08\/camp1.jpg\" width=\"150\" height=\"344\" \/><\/address>\n<p style=\"text-align: justify;\"><span style=\"color: #008000;\"><strong>S\u00e1hara Occidental: Perfil del Pa\u00eds<\/strong><\/span><\/p>\n<p style=\"text-align: justify;\"><span style=\"color: #008000;\">Los grupos dominantes en S\u00e1hara Occidental son los \u00e1rabes y bereberes. Debido a la situaci\u00f3n clim\u00e1tica de la zona, des\u00e9rtico y clima seco subtropical, los saharauis se han dedicado, generalmente, al pastoreo y comercio. Los saharauis son, en su pr\u00e1ctica mayor\u00eda, musulmanes. Artesan\u00eda, ganader\u00eda caprina y camellar, hierro e hidrocarburos, adem\u00e1s del turismo son los principales recursos del territorio.<\/span><\/p>\n<p style=\"text-align: justify;\"><span style=\"color: #008000;\"><b>Nombre Oficial:<\/b> Rep\u00fablica \u00c1rabe Saharaui Democr\u00e1tica<\/span><br \/>\n<span style=\"color: #008000;\"> <b>Lengua oficial:<\/b> \u00c1rabe (y espa\u00f1ol)<\/span><br \/>\n<span style=\"color: #008000;\"> <b>Presidente actual:<\/b> Mohamed Abdelaziz (desde 1976)<\/span><br \/>\n<span style=\"color: #008000;\"> <b>PIB per capita:<\/b> Informaci\u00f3n no disponible.<\/span><\/p>\n<p style=\"text-align: justify;\"><span style=\"color: #008000;\"><strong>GEOGRAF\u00cdA<\/strong><\/span><\/p>\n<p style=\"text-align: justify;\"><span style=\"color: #008000;\"><b>Localizaci\u00f3n:<\/b> Noroeste de \u00c1frica, en la parte oeste del desierto del S\u00e1hara en la costa del Oc\u00e9ano Atl\u00e1ntico. S\u00e1hara Ocidental limita en sus fronteras con Marruecos, al norte, Mauritania al sur y este y con una peque\u00f1a zona frinteriza con Argelia en el noreste. Al oeste tiene el Oc\u00e9ano Atl\u00e1ntico. Ver mapa.<\/span><br \/>\n<span style=\"color: #008000;\"> Capital: La\u00e2youne (tambi\u00e9n escrito Aai\u00fan, El Aiun, La\u2019youne, etc.)<\/span><br \/>\n<span style=\"color: #008000;\"> <b>Superficie:<\/b> 266.000 kms2.<\/span><br \/>\n<span style=\"color: #008000;\"> <b>Zona costera:<\/b> 1.110 kms.<\/span><br \/>\n<span style=\"color: #008000;\"> <b>Puntos m\u00e1s altos:<\/b> localizaciones sin denominar, a 463 mts. de altura. La topograf\u00eda se limita a unas pocas colinas en el interior y algunas depresiones.<\/span><br \/>\n<span style=\"color: #008000;\"> <b>Clima:<\/b> desierto, clima seco subtropical. La totalidad del pa\u00eds se encuentra dentro de la zona del desierto del S\u00e1hara. Diferencias entre las temperaturas de invierno y verano. Los inviernos pueden ser fr\u00edos mientras que los veranos son realmente calurosos. Tambi\u00e9n se aprecian grandes variaciones entre las temperaturas nocturnas y diurnas. Se pueden apreciar algunas nieblas en las zonas costeras.<\/span><br \/>\n<span style=\"color: #008000;\"> Riesgos naturales: el siroco o viento c\u00e1lido procedente del S\u00e1hara se produce, generalmente, durante el invierno y la primavera. Las neblinas son habituales, reduciendo severamente la visibilidad a veces.<\/span><br \/>\n<span style=\"color: #008000;\"> <b>Regiones:<\/b> las dos principales regiones se definieron ya desde los tiempos coloniales: Sagu\u00eda el Hamra es la provincia m\u00e1s al norte y algo m\u00e1s poblada con algunas zonas dedicadas al pasto. La parte situada m\u00e1s al sur, R\u00edo de Oro, es menos f\u00e9rtil.<\/span><br \/>\n<span style=\"color: #008000;\"> <b>Uso de la tierra:<\/b> aproximadamente el 19% del pa\u00eds est\u00e1 dedicado al pasto de una forma permanente. El resto es visitado por los pastores y sus reba\u00f1os a veces. Debido a la ausencia de lluvias, la agricultura no es posible a trav\u00e9s de los medios naturales ni en los pocos oasis. El pastoreo est\u00e1 extendido y en su mayor parte se concentra en en la zona del norte, Sagu\u00eda el Hamra.<\/span><br \/>\n<span style=\"color: #008000;\"> <b>Ciudades:<\/b> La principal ciudad en S\u00e1hara Occidental ha sido siempre La\u00e2youne, \u00f3 Aai\u00fan, como la llamaron los colonizadores espa\u00f1oles. \u00c9sta fue la capital de la colonia y luego del pa\u00eds, convirtiendo as\u00ed a la provincia del norte, Sagu\u00eda el Hamra, en la regi\u00f3n m\u00e1s activa econ\u00f3micamente (tambi\u00e9n cercana a la pen\u00ednsula espa\u00f1ola y a las Islas Canarias). En el sur del pa\u00eds, D\u00e2khla constituy\u00f3 la capital de la provincia de R\u00edo de Oro y un mayor puerto mar\u00edtimo para la colonia. Otros grandes centros urbanos son Smara en el interior de Sagu\u00eda el Hamra y Bojador en zona costera entre La\u00e2youne y D\u00e2khla. La\u00e2youne, actualmente, est\u00e1 ocupada por unos 350.000 marroqu\u00edes, que la convierten en la mayor ciudad de S\u00e1hara Occidental, mientras que la zona de Tindouf en Argelia alberga a la mayor parte de la poblaci\u00f3n saharaui (aproximadamente, unos 170.000).<\/span><br \/>\n<span style=\"color: #008000;\"> Regiones administrativas: Ninguna (bajo el control de Marruecos).<\/span><br \/>\n<span style=\"color: #008000;\"> <b>Poblaci\u00f3n:<\/b> 720.000.<\/span><br \/>\n<span style=\"color: #008000;\"> <b>Densidad de poblaci\u00f3n:<\/b> 1,15 p\/km2 (aunque la cifra es irrelevante, ya que la mayor\u00eda de la poblaci\u00f3n vive fuera del pa\u00eds).<\/span><\/p>\n<p style=\"text-align: justify;\"><span style=\"color: #008000;\"><strong>Infraestructuras:<\/strong><\/span><\/p>\n<p style=\"text-align: justify;\"><span style=\"color: #008000;\"><b>Carreteras asfaltadas:<\/b> 1.350 kms. (sin asfaltar: 4.850 kms.)<\/span><br \/>\n<span style=\"color: #008000;\"> Ferrocarriles: ninguno.<\/span><br \/>\n<span style=\"color: #008000;\"> <b>Aeropuertos:<\/b> los principales se encuantran en El Aai\u00fan, Dajla y Smara.<\/span><br \/>\n<span style=\"color: #008000;\"> <b>Tel\u00e9fonos:<\/b> 2 por 1000 habitantes<\/span><br \/>\n<span style=\"color: #008000;\"> <b>Radios:<\/b> 1 por 1000 habitantes; Televisiones: 1 por 1000 habitantes.<\/span><\/p>\n<p style=\"text-align: justify;\"><span style=\"color: #008000;\"><b><br \/>\n<\/b><strong>POBLACI\u00d3N<br \/>\n<\/strong><\/span><br \/>\n<span style=\"color: #008000;\"> Grupos en S\u00e1hara Occidental: los grupos dominantes son los \u00e1rabes y bereberes. Debido a la situaci\u00f3n clim\u00e1tica de la zona, los saharauis se han dedicado, generalmente, al pastoreo y comercio. Las duras condiciones medioambientales tambi\u00e9n obligaban a las distintas tribus a coexistir y vivir juntas. Despu\u00e9s, la aceptaci\u00f3n del Islam por los bereberes y el fuerte aumento de la cultura \u00e1rabe di\u00f3 lugar a una poblaci\u00f3n, si no realmente \u00e1rabe, predispuesta a serlo.<\/span><\/p>\n<p style=\"text-align: justify;\"><span style=\"color: #008000;\">La sociedad saharaui tradicional ha sido fuertemente jer\u00e1rquica. Cada persona formaba parte de una tribu, y su posici\u00f3n cen\u00eda definida por dicha tribu. Se habla normalmente de tres principales tribus en S\u00e1hara Occidental, los Hasania (\u201cguerreros\u201d que manten\u00edan el poder militar), los Zuaia (que manten\u00edan el prestigio religioso) y los pastores, que ten\u00edan una posici\u00f3n de subordinados, pagando tributos a los otros. Adem\u00e1s, hab\u00eda un amplio n\u00famero de esclavos, artesanos y m\u00fasicos.<\/span><\/p>\n<p style=\"text-align: justify;\"><span style=\"color: #008000;\">Evidentemente, la vida colonial y en los campos de refugiados han alterado estas estructuras y el sistema jer\u00e1rquico del que habl\u00e1bamos ha desaparecido. Las luchas que se llevaron a cabo durante el siglo XX contra Espa\u00f1a, Marruecos y Mauritania hicieron que se desarrollase un fuerte nacionalismo saharaui y una identidad que les ha llevado a configurar un nivel nacional m\u00e1s que tribal.<\/span><\/p>\n<p style=\"text-align: justify;\"><span style=\"color: #008000;\"><strong>Composici\u00f3n \u00e9tnica: \u00e1rabe y bereber.<\/strong><\/span><br \/>\n<span style=\"color: #008000;\"> <b>Lengua:<\/b> \u00e1rabe hassaniya (oficial), \u00e1rabe marroqu\u00ed y espa\u00f1ol tambi\u00e9n se hablan de una forma extendida.Datos demogr\u00e1ficos<\/span><br \/>\n<span style=\"color: #008000;\"> <b>Poblaci\u00f3n total: <\/b>720.000, de los que 300.000 viven en la zona ocupada por Marruecos y 220.000 en los campos de refugiados. No se incluyen aqu\u00ed los 200.000 marroqu\u00edes ocupantes. (estad\u00edsticas de 1999)<\/span><br \/>\n<span style=\"color: #008000;\"> <b>Incremento de poblaci\u00f3n:<\/b> 3,4% anual.<\/span><br \/>\n<span style=\"color: #008000;\"> <b>Densidad de poblaci\u00f3n:<\/b> 1,15 p\/km2 (aunque la cifra es irrelevante, ya que la mayor\u00eda de la poblaci\u00f3n vive fuera del pa\u00eds)<\/span><br \/>\n<span style=\"color: #008000;\"> <b>Poblaci\u00f3n menor de 15 a\u00f1os:<\/b> datos no disponibles.<\/span><br \/>\n<span style=\"color: #008000;\"> <b>Poblaci\u00f3n mayor de 65 a\u00f1os:<\/b> datos no disponibles.<\/span><br \/>\n<span style=\"color: #008000;\"> <b>Urbanizaci\u00f3n:<\/b> 85% rural y 15% urbana.<\/span><br \/>\n<span style=\"color: #008000;\"> <b>Principales ciudades: <\/b>(Tindouf) Argelia, El Aai\u00fan (La\u00e2youne), Dajla (D\u00e2khla), Smara, Bojador, Guelta Zemmur.<\/span><\/p>\n<p style=\"text-align: justify;\"><span style=\"color: #008000;\"><strong>DATOS SOCIALES<\/strong><\/span><\/p>\n<p style=\"text-align: justify;\"><span style=\"color: #008000;\"><b>Esperanza de vida:<\/b> 64,0 a\u00f1os.<\/span><br \/>\n<span style=\"color: #008000;\"> <b>Tasa de mortalidad infantil:<\/b> 78\/1.000 (estad\u00edsticas del a\u00f1o 2000).<\/span><br \/>\n<span style=\"color: #008000;\"> <b>Tasa de alfabetizaci\u00f3n de adultos:<\/b> 75,0%<\/span><br \/>\n<span style=\"color: #008000;\"> <b>Tasa de alfabetizaci\u00f3n infantil:<\/b> 100% en los campamentos de refugiados, 60% en los Territorios Ocupados por Marruecos.<\/span><br \/>\n<span style=\"color: #008000;\"> <b>Servicios m\u00e9dicos:<\/b> 3.125 personas por m\u00e9dico<\/span><br \/>\n<span style=\"color: #008000;\"> <b>Tasa de matriculaci\u00f3n de alumnos:<\/b> 57%<\/span><br \/>\n<span style=\"color: #008000;\"> <b>Acceso a agua potable:<\/b> 82%<\/span><br \/>\n<span style=\"color: #008000;\"> <b>Acceso a servicios m\u00e9dicos:<\/b> 88%<\/span><\/p>\n<p style=\"text-align: justify;\"><span style=\"color: #008000;\"><strong>Religi\u00f3n<\/strong><\/span><br \/>\n<span style=\"color: #008000;\"> Los saharauis son, en su pr\u00e1ctica mayor\u00eda, musulmanes. El Islam lleg\u00f3 a los n\u00f3madas saharauis en el s.XI y lentamente se fue extendiendo. Ha sido, tradicionalmente, una mezcla entre el m\u00edstico sufismo y el marabutismo, creencias inclu\u00eddas dentro del Islam, pero a parte de las religiones tradicionales. El Islam ortodoxo se ha mantenido a lo largo del tiempo, conviviendo con el sufismo, m\u00e1s popular, entre los saharauis. Rituales m\u00e1gicos, amuletos, tab\u00fas y esp\u00edritus son partes vivas de esta creencia.<\/span><br \/>\n<span style=\"color: #008000;\"> Datos: musulmanes:99,9%, cristianos y religiones africanas: 0,1%.<\/span><\/p>\n<p style=\"text-align: justify;\"><span style=\"color: #008000;\"><strong>Mujeres<\/strong><\/span><br \/>\n<span style=\"color: #008000;\"> Dada la compleja situaci\u00f3n del pueblo saharaui, con una gran parte de su poblaci\u00f3n en los campos de refugiados de Argelia y con el pueblo marroqu\u00ed ocupando parte de su territorio, la mujer saharaui es guerrera por naturaleza, ya sea por la construcci\u00f3n de los campamentos de refugiados en Argelia, o por la otra parte de la poblaci\u00f3n femenina que vive bajo ocupaci\u00f3n y que es un s\u00edmbolo her\u00f3ico en las diferentes intifadas (manifestaciones pac\u00edficas).<\/span><\/p>\n<p style=\"text-align: justify;\"><span style=\"color: #008000;\"><strong>DATOS POL\u00cdTICOS<\/strong><\/span><\/p>\n<p style=\"text-align: justify;\"><span style=\"color: #008000;\">Independencia: 27 de febrero de 1976.<\/span><br \/>\n<span style=\"color: #008000;\"> Gobierno: Nominalmente, Rep\u00fablica Presidencial, dirigida por el Frente Popular para la Liberaci\u00f3n de saqu\u00eda el Hama y R\u00edo de Oro (Polisario). En la pr\u00e1ctica, no reconocido por todos los pa\u00edses ni por la ONU.<\/span><br \/>\n<span style=\"color: #008000;\"> Jefe de estado: Mohamed Abdelaziz, desde 1976.<\/span><br \/>\n<span style=\"color: #008000;\"> Situaci\u00f3n pol\u00edtica: la situaci\u00f3n pol\u00edtica de S\u00e1hara Occidental es, con diferencia, la m\u00e1s compleja del continente africano. Tras la firma de los Acuerdos de Madrid, el 14 de noviembre de 1975, Espa\u00f1a ced\u00eda la soberan\u00eda del S\u00e1hara a Marruecos y Mauritania. Cuatro a\u00f1os despu\u00e9s, en 1979, Mauritania se retir\u00f3, pero no Marruecos, que permanece desde entonces ocupando gran parte del territorio saharaui y consider\u00e1ndolo una provincia marroqu\u00ed m\u00e1s. Ante la situaci\u00f3n, el Consejo de Seguridad de la ONU propuso un plan de paz y en 1991 se firm\u00f3 un acuerdo de alto el fuego entre Marruecos y el Polisario, tras 15 a\u00f1os de guerra. Ahora queda pendiente el Refer\u00e9ndum, desde hace a\u00f1os, seg\u00fan el cual los saharauis decidir\u00e1n entre la autodeterminaci\u00f3n o prolongar su anexi\u00f3n a Marruecos. El reino marroqu\u00ed alega continuamente motivos para no celebrarlo y prolongar la situaci\u00f3n.<\/span><br \/>\n<span style=\"color: #008000;\"> Derechos humanos: los saharauis reciben peri\u00f3dicos abusos y ataques por parte del pueblo marroqu\u00ed, denunciando frecuentemente asesinatos.<\/span><\/p>\n<p style=\"text-align: justify;\"><span style=\"color: #008000;\"><strong>DATOS ECON\u00d3MICOS <\/strong><\/span><\/p>\n<p style=\"text-align: justify;\"><span style=\"color: #008000;\">La econom\u00eda saharaui tradicional se ha basado en el pastoreo, representando una econom\u00eda de subsistencia, a trav\u00e9s de pastores n\u00f3madas que utilizan como principal medio de desplazamiento el camello, llevando consigo reba\u00f1os de cabras y ovejas, adem\u00e1s de los mencionados camellos.<\/span><\/p>\n<p style=\"text-align: justify;\"><span style=\"color: #008000;\">La agricultura, poco extendida, se limitaba tradicionalmente al cultivo de productos como la cebada, generalmente en terrenos arcillosos de subsuelo h\u00famedo. La pesca, por otro lado, ha constitu\u00eddo siempre uno de los grandes recursos para el pa\u00eds, desarrol\u00e1ndose una importante actividad pesquera en sus costas.<\/span><\/p>\n<p style=\"text-align: justify;\"><span style=\"color: #008000;\">El comercio ha sido importante en S\u00e1hara Occidental dada su estrat\u00e9gica situaci\u00f3n como zona de paso para importantes rutas comerciales, a lo largo del eje norte-sur, en un principio, y luego la nueva ruta comercial este-oeste que un\u00eda las zonas del interior con las de la costa. Las salinas de Lyil eran la principal fuente comercial y la sal ha sido uno de los principales productos de intercambio en el mercado.<\/span><\/p>\n<p style=\"text-align: justify;\"><span style=\"color: #008000;\">Por \u00faltimo, tambi\u00e9n la artesan\u00eda representaba un modo de ingresos. En cada campamento estaba siempre presente la figuar del artesano que realizaba, con un rudimentarios instrumentos, productos tanto para el uso cotidiano como de lujo, que intercambiaba a cambio de alimentos.<\/span><\/p>\n<p style=\"text-align: justify;\"><span style=\"color: #008000;\"><b>PIB per capita:<\/b> Informaci\u00f3n no disponible.<\/span><br \/>\n<span style=\"color: #008000;\"> <b>PIB por sectores:<\/b> Agricultura 30%; Industria 10%; Servicios 60% (estad\u00edsticas a\u00f1o 2000)<\/span><br \/>\n<span style=\"color: #008000;\"> <b>Recursos:<\/b> fosfatos. (La mina de Bu-Craa est\u00e1 considerada como una de las mayores y de mejor calidad del mundo, expoliada ilegalmente por Marruecos y Espa\u00f1a).<\/span><br \/>\n<span style=\"color: #008000;\"> <b>Otros recursos:<\/b> artesan\u00eda, ganader\u00eda caprina y camellar, hierro e hidrocarburos, turismo.<\/span><\/p>\n<p style=\"text-align: justify;\"><span style=\"color: #008000;\">\u00a9 afrol News<\/span><br \/>\n_________________________<\/p>\n<p style=\"text-align: justify;\"><span style=\"color: #993366;\"><strong><span style=\"color: #000000;\">\u00a0<\/span><\/strong><\/span><\/p>\n<h2 style=\"text-align: justify;\"><img loading=\"lazy\" decoding=\"async\" class=\"aligncenter  wp-image-3457\" alt=\"\" src=\"https:\/\/www.amalesperanza.org\/wp-content\/uploads\/2010\/08\/Sahara_Occidental1.jpg\" width=\"427\" height=\"143\" srcset=\"https:\/\/www.amalesperanza.org\/wp-content\/uploads\/2010\/08\/Sahara_Occidental1.jpg 474w, https:\/\/www.amalesperanza.org\/wp-content\/uploads\/2010\/08\/Sahara_Occidental1-300x100.jpg 300w\" sizes=\"auto, (max-width: 427px) 100vw, 427px\" \/><\/h2>\n<p style=\"text-align: justify;\" align=\"center\"><span style=\"color: #333399;\"><strong><span style=\"text-decoration: underline;\">\u201cCRONOLOG\u00cdA DEL SAHARA OCCIDENTAL\u201d<\/span><\/strong><\/span><\/p>\n<p style=\"text-align: justify;\"><span style=\"color: #333399;\"><strong>1884<\/strong>. Inicio de la presencia colonial espa\u00f1ola. con el establecimiento de varias factor\u00edas en zonas costeras del territorio. Espa\u00f1a proclama un protectorado que va desde Cabo Blanco a la frontera con Marruecos, asegurando as\u00ed su dominaci\u00f3n y control sobre el territorio estableciendo varias factor\u00edas en zonas costeras del territorio.<\/span><\/p>\n<p style=\"text-align: justify;\"><span style=\"color: #333399;\"><b>1885.<\/b> La Conferencia de Berl\u00edn establece el reparto de \u00c1frica entre las fuerzas coloniales europeas y ratifica la proclamaci\u00f3n del Sahara Occidental como protectorado de Espa\u00f1a.<\/span><\/p>\n<p style=\"text-align: justify;\"><span style=\"color: #333399;\"><b>1900.<\/b> Firma del Tratado de Par\u00eds, entre Espa\u00f1a y Francia, que reduce a la mitad la extensi\u00f3n del territorio ocupado por Espa\u00f1a.<\/span><\/p>\n<p style=\"text-align: justify;\"><span style=\"color: #333399;\"><b>1912.<\/b> Francia adjudica a Espa\u00f1a el territorio del S\u00e1hara Occidental.<\/span><\/p>\n<p style=\"text-align: justify;\"><span style=\"color: #333399;\"><b>1934.<\/b> Se completa la ocupaci\u00f3n de la colonia del S\u00e1hara Occidental con las fronteras actuales. Los notables de las tribus saharauis firman un sometimiento amistoso en virtud del cual se comienza a conocer como \u201cS\u00e1hara Espa\u00f1ol\u201d, que incluye Ifni.<\/span><\/p>\n<p style=\"text-align: justify;\"><span style=\"color: #333399;\"><b>1942.<\/b> Nacimiento en Tan Tan del padre del independentismo saharaui Mohamed Sidi Brahim Basiri.<\/span><\/p>\n<p style=\"text-align: justify;\"><span style=\"color: #333399;\"><b>1947. Descubrimiento de grandes yacimientos de fosfatos<\/b>.<\/span><\/p>\n<p style=\"text-align: justify;\"><span style=\"color: #333399;\">20 y 21 de octubre 1950. El General Franco visita el Sahara.<\/span><\/p>\n<p style=\"text-align: justify;\"><span style=\"color: #333399;\">1 de diciembre de 1955. Incorporaci\u00f3n de Espa\u00f1a en la ONU.<\/span><\/p>\n<p style=\"text-align: justify;\"><span style=\"color: #333399;\"><b>1957. El S\u00e1hara pasa a ser provincia del protectorado espa\u00f1ol, provincia 53.<\/b> Marruecos reclama el territorio. Se inicia la guerra de Ifni entre Espa\u00f1a y Marruecos, que dura hasta el a\u00f1o siguiente. Los acuerdos de Angra de Cintra fijan los l\u00edmites del S\u00e1hara Espa\u00f1ol y establecen la cesi\u00f3n a Marruecos de los territorios septentrionales de la zona del R\u00edo de Oro.<\/span><\/p>\n<p style=\"text-align: justify;\"><span style=\"color: #333399;\"><b>1957-58. Guerra de Ifni.<\/b> Algunas tribus saharauis del norte luchan junto al Ej\u00e9rcito de Liberaci\u00f3n Nacional Marroqu\u00ed contra los intereses coloniales de Espa\u00f1a en el sur de Marruecos. Aparece el Frente de Liberaci\u00f3n del S\u00e1hara, antecedente del nacionalismo saharaui.<\/span><\/p>\n<p style=\"text-align: justify;\"><span style=\"color: #333399;\"><b>1958.<\/b> Espa\u00f1a entrega a Marruecos el S\u00e1hara hist\u00f3rico.<\/span><\/p>\n<p style=\"text-align: justify;\"><span style=\"color: #333399;\">14 de diciembre de 1960. \u201cDeclaraci\u00f3n sobre la concesi\u00f3n de la independencia a los pa\u00edses y pueblos coloniales\u201d Resoluci\u00f3n 1514.<\/span><\/p>\n<p style=\"text-align: justify;\"><span style=\"color: #333399;\"><b>1964.<\/b> La OUA (Organizaci\u00f3n para la Unidad Africana) acuerda no modificar las fronteras heredadas del colonialismo.<\/span><br \/>\n<span style=\"color: #333399;\"> 16 de diciembre 1965. Adopci\u00f3n de la primera resoluci\u00f3n 2072 (XX) sobre el S\u00e1hara.<\/span><br \/>\n<span style=\"color: #333399;\"> 16 de mayo 1966. Carrero Blanco visita El Aai\u00fan y declara que la soberan\u00eda de Marruecos nunca se extendi\u00f3 m\u00e1s all\u00e1 de los montes del Atlas.<\/span><\/p>\n<p style=\"text-align: justify;\"><span style=\"color: #333399;\"><b>1966. El Comit\u00e9 de Descolonizaci\u00f3n de la ONU estudia la autodeterminaci\u00f3n del S\u00e1hara y en el 67 Espa\u00f1a accede a organizar un refer\u00e9ndum para determinar la autonom\u00eda del S\u00e1hara.<\/b><\/span><\/p>\n<p style=\"text-align: justify;\"><span style=\"color: #333399;\"><b>1967.<\/b> Basiri es expulsado de Marruecos.<\/span><\/p>\n<p style=\"text-align: justify;\"><span style=\"color: #333399;\"><b>1969.<\/b> Basiri promueve el movimiento Organizaci\u00f3n Avanzada para la Liberaci\u00f3n de Saguia el Hamra y R\u00edo de Oro.<\/span><\/p>\n<p style=\"text-align: justify;\"><span style=\"color: #333399;\"><b>1970.<\/b> Espa\u00f1a acata las resoluciones de la ONU e inicia los tr\u00e1mites de la descolonizaci\u00f3n del territorio.<\/span><\/p>\n<p style=\"text-align: justify;\"><span style=\"color: #333399;\">12 de junio de 1970. El ministro L\u00f3pez Bravo en Nouadib\u00fa.<\/span><\/p>\n<p style=\"text-align: justify;\"><span style=\"color: #333399;\"><b>17 de junio de 1970. Matanza de Zemla.<\/b> Gobernador P\u00e9rez de Lema. Carrero Blanco.<\/span><\/p>\n<p style=\"text-align: justify;\"><span style=\"color: #333399;\"><b>29 de julio 1970. Asesinan a Basiri.<\/b><\/span><\/p>\n<p style=\"text-align: justify;\"><span style=\"color: #333399;\">10 de mayo 1973. Nace el Frente Popular de Liberaci\u00f3n de Saguia El Hamra y R\u00edo de Oro, Frente Polisario. El 20 de mayo, primera operaci\u00f3n militar de los saharauis, anunciando el inicio de la lucha armada de liberaci\u00f3n nacional en el S\u00e1hara.<\/span><\/p>\n<p style=\"text-align: justify;\"><span style=\"color: #333399;\"><b>Los 23 y 24 de julio de 1973. Reuni\u00f3n en Agadir, durante la cual el rey Has\u00e1n II y los Presidentes Boumediene de Argelia y Uld Daddah de Mauritania. Se pronuncian en favor de la autodeterminaci\u00f3n del pueblo saharaui.<\/b><\/span><\/p>\n<p style=\"text-align: justify;\"><span style=\"color: #333399;\">5 de mayo de 1974 El Uali Mustafa Sayed es nombrado Secretario General del Polisario.<\/span><\/p>\n<p style=\"text-align: justify;\"><span style=\"color: #333399;\"><b>1974.<\/b> Marruecos solicita al Tribunal de la Haya un veredicto acerca de sus derechos de soberan\u00eda sobre el territorio colonial del Sahara. Espa\u00f1a realiza un censo de poblaci\u00f3n entre las tribus como paso previo a la celebraci\u00f3n del refer\u00e9ndum.<\/span><\/p>\n<p style=\"text-align: justify;\"><span style=\"color: #333399;\"><b>16 de octubre de 1975. Dictamen de refer\u00e9ndum del Tribunal Internacional de la Haya.<\/b><\/span><\/p>\n<p style=\"text-align: justify;\"><span style=\"color: #333399;\">El veredicto del Tribunal de la Haya concluye que de los v\u00ednculos de las tribus saharauis con Marruecos y Mauritania no se deriva ning\u00fan derecho sobre el territorio. Marruecos interpreta el veredicto como un apoyo a sus reivindicaciones y lanza la <b>\u201cMarcha Verde\u201d.<\/b> El Tribunal Internacional de Justicia de La Haya condena las pretensiones de Mauritania y Marruecos.<\/span><\/p>\n<p style=\"text-align: justify;\"><span style=\"color: #333399;\">Octubre de 1975. El Ministro de Trabajo Jos\u00e9 Sol\u00eds Ru\u00edz enviado por Carlos Arias Navarro viaja a Rabat para intentar retrasar la Marcha Verde.<\/span><\/p>\n<p style=\"text-align: justify;\"><span style=\"color: #333399;\"><b>2 de noviembre de 1975. Discurso pro-saharaui del pr\u00edncipe Juan Carlos ll.<\/b><\/span><\/p>\n<p style=\"text-align: justify;\"><span style=\"color: #333399;\">6 de noviembre de 1975. Se celebra \u201cla Marcha Verde\u201d. \u00a0Aprovechando que Franco agoniza, el rey de Marruecos lanza la \u201cMarcha Verde\u201d, en la que unas 350.000 personas cruzan la frontera desde Marruecos. Marruecos arrasa a la poblaci\u00f3n saharaui con f\u00f3sforo blanco y NAPALM.<\/span><\/p>\n<p style=\"text-align: justify;\"><span style=\"color: #333399;\"><b>14 de noviembre de 1975. Marruecos, Espa\u00f1a y Mauritania firman los ilegales Acuerdos de Madrid,<\/b> mediante los que Espa\u00f1a cede la administraci\u00f3n del territorio a Marruecos y Mauritania, sin contar con el Frente Polisario. Declaraciones institucionales del Gobierno espa\u00f1ol insistiendo en que Espa\u00f1a cumplir\u00e1 con sus compromisos en relaci\u00f3n a la descolonizaci\u00f3n y la celebraci\u00f3n del refer\u00e9ndum. La firma del Acuerdo Tripartito de Madrid supone el traslado de la administraci\u00f3n a Marruecos y Mauritania.<\/span><\/p>\n<p style=\"text-align: justify;\"><span style=\"color: #333399;\"><b>27 de febrero 1976. Espa\u00f1a retira sus tropas del territorio del S\u00e1hara Occidental. Se constituye la RASD, Rep\u00fablica \u00e1rabe Saharaui Democr\u00e1tica. \u00a0El Frente Polisario declara la guerra a Marruecos y Mauritania, que se reparten el territorio.<\/b><\/span><\/p>\n<p style=\"text-align: justify;\"><span style=\"color: #333399;\">Comienza la invasi\u00f3n militar marroqu\u00ed y mauritana y la huida masiva de poblaci\u00f3n civil saharaui, que se establece en campamentos de refugiados en Tinduf, Argelia.<\/span><\/p>\n<p style=\"text-align: justify;\"><span style=\"color: #333399;\"><b>1976.<\/b> Durante los meses de enero y febrero, la aviaci\u00f3n marroqu\u00ed bombardea con NAPALM los campamentos saharauis en Um-Draiga, Tifariti, Amgala, El Maltani, Guelta-Zemur\u2026<\/span><\/p>\n<p style=\"text-align: justify;\"><span style=\"color: #333399;\">9 de junio de 1976. Muere El Uali Mustafa Sayed en Nouakchott.<\/span><\/p>\n<p style=\"text-align: justify;\"><span style=\"color: #333399;\">Agosto de 1976. Durante el tercer congreso del Polisario, Mohamed Abdelaziz es elegido Secretario General del movimiento en, reemplazando a Mahfud Ali Beiba, el cual hab\u00eda asumido el puesto de Secretario General en funciones a la muerte de El-Uali Mustafa Sayed\u201d.<\/span><\/p>\n<p style=\"text-align: justify;\"><span style=\"color: #333399;\">Abdelaziz fue elegido tambi\u00e9n presidente de la \u201cRep\u00fablica \u00c1rabe Saharaui Democr\u00e1tica\u201d (RASD). Conserva ambos cargos hasta la fecha, tras ser reelegido en ocho comicios electorales consecutivos.<\/span><\/p>\n<p style=\"text-align: justify;\"><span style=\"color: #333399;\"><b>14 de noviembre de 1976. Felipe Gonz\u00e1lez en los campamentos saharauis de Tinduf hace un discurso pro-saharaui.<\/b><\/span><\/p>\n<p style=\"text-align: justify;\"><span style=\"color: #333399;\"><b>1978.<\/b> Mauritania se retira de su parte de territorio ocupado, que es r\u00e1pidamente invadido por Marruecos.<\/span><\/p>\n<p style=\"text-align: justify;\"><span style=\"color: #333399;\"><b>1979.<\/b> Mauritania firma la paz con el Polisario y renuncia a sus reivindicaciones territoriales.<\/span><\/p>\n<p style=\"text-align: justify;\"><span style=\"color: #333399;\"><b>1980.<\/b> Construcci\u00f3n del Muro de la Verg\u00fcenza Marroqu\u00ed. El Ej\u00e9rcito marroqu\u00ed, en un cambio de estrategia, inicia la construcci\u00f3n de muros defensivos que van ocupando zonas cada vez m\u00e1s amplias de territorio. Marruecos se anexiona la parte a la que renunci\u00f3 Mauritania.<\/span><\/p>\n<p style=\"text-align: justify;\"><span style=\"color: #333399;\"><b>1982.<\/b> Llega a la presidencia de Espa\u00f1a Felipe Gonz\u00e1lez hasta 1996.<\/span><\/p>\n<p style=\"text-align: justify;\"><span style=\"color: #333399;\"><b>1984.<\/b> La OUA reconoce a la RASD, lo que provoca la salida de Marruecos de la organizaci\u00f3n africana.<\/span><\/p>\n<p style=\"text-align: justify;\"><span style=\"color: #333399;\"><b>1987.<\/b> La ONU y la OUA proponen unas medidas de soluci\u00f3n del conflicto, que son b\u00e1sicamente aceptadas por las partes y que concluyen en un Plan de Paz respaldado por Naciones Unidas.<\/span><\/p>\n<p style=\"text-align: justify;\"><span style=\"color: #333399;\"><b>1991. Alto al fuego entre Marruecos y el Frente POLISARIO.<\/b> Se firma una tregua, y se fija la fecha de 26 de enero de 1992 para la celebraci\u00f3n del refer\u00e9ndum.<\/span><\/p>\n<p style=\"text-align: justify;\"><span style=\"color: #333399;\">Naciones Unidas aprueba una resoluci\u00f3n que detalla el calendario del plan de apoyo y crea la <b>MINURSO<\/b> (Misi\u00f3n de Naciones Unidas para el Refer\u00e9ndum en el S\u00e1hara Occidental). Se establece el 6 de septiembre de ese a\u00f1o como fecha para el alto el fuego y el 26 de enero de 1992 para el refer\u00e9ndum. Ambas son aceptadas por las dos partes, pero el refer\u00e9ndum nunca se celebra.<\/span><\/p>\n<p style=\"text-align: justify;\"><span style=\"color: #333399;\"><b>1992. Intifada.<\/b> La rebeli\u00f3n de septiembre de 1992. Los participantes en las manifestaciones pac\u00edficas frente al palacio del gobernador fueron atacados por unidades de polic\u00eda y del ej\u00e9rcito, fuertemente, hiriendo a centenares de manifestantes y muriendo una mujer durante los enfrentamientos, mientras que treinta personas fueron encarceladas. Desde 1992, septiembre ha sido el \u201cmes de Intifada\u201d del territorio.<\/span><\/p>\n<p style=\"text-align: justify;\"><span style=\"color: #333399;\"><b>1995.<\/b> IX Congreso del Frente Polisario. Amplios sectores consideran fracasado el Plan de Paz y proponen la vuelta a la guerra.<\/span><\/p>\n<p style=\"text-align: justify;\"><span style=\"color: #333399;\"><b>1996.<\/b> La ONU emprende la retirada de personal civil y de las tropas. Se concede una \u00faltima pr\u00f3rroga hasta el 31 de mayo para que las partes busquen nuevas v\u00edas de acuerdo. Sucesivos aplazamientos extienden el mandato de la ONU hasta mayo de 1997.<\/span><\/p>\n<p style=\"text-align: justify;\"><span style=\"color: #333399;\"><b>1997.<\/b> La ONU nombra a James Baker como nuevo enviado especial para el Sahara Occidental. Se firman los acuerdos de Houston entre Marruecos y Frente Polisario. Se anuncia la celebraci\u00f3n del refer\u00e9ndum en 1998 con un censo que incluye a unos 80.000 votantes.<\/span><\/p>\n<p style=\"text-align: justify;\"><span style=\"color: #333399;\"><b>1998.<\/b> La ONU termina la identificaci\u00f3n provisional de votantes de las tribus del territorio con una cifra de unos 147.000. Incluye la aceptaci\u00f3n por parte del Frente Polisario de la inclusi\u00f3n en el censo de 65.000 colonos promarroqu\u00edes. No obstante Marruecos contin\u00faa poniendo obst\u00e1culos e impide la celebraci\u00f3n del Refer\u00e9ndum.<\/span><\/p>\n<p style=\"text-align: justify;\"><span style=\"color: #333399;\"><b>1999. Muerte del rey de Marruecos, Hassan II y llegada al poder de su hijo, Mohamed VI.<\/b><\/span><\/p>\n<p style=\"text-align: justify;\"><span style=\"color: #333399;\"><b>Intifada de septiembre 1999<\/b>, centenares de saharauis, sobre todo estudiantes, titulados en paro, trabajadores, mujeres, disminuidos f\u00edsicos, se amontonaron en seis tiendas que alzaron ante la sede de la administraci\u00f3n marroqu\u00ed y ante el hotel \u201cNagjir\u201d, donde residen los miembros de la MINURSO en El Aai\u00fan, situado en la Avenida de La Meca, para protestar contra la pol\u00edtica de obstrucci\u00f3n de Rabat contra el Plan de Arreglo de la ONU en el S\u00e1hara Occidental y contra la pol\u00edtica colonial represiva adoptada por Rabat contra la poblaci\u00f3n saharaui.<\/span><\/p>\n<p style=\"text-align: justify;\"><span style=\"color: #333399;\">Esta manifestaci\u00f3n pac\u00edfica fue reprimida de forma sangrienta el 23 de septiembre de 1999 por las fuerzas de la Gendarmer\u00eda Real, la polic\u00eda, las Fuerzas Auxiliares y las Fuerzas de Intervenci\u00f3n R\u00e1pida,\u00a0 bajo el mando directo del tristemente c\u00e9lebre ex \u2013 ministro marroqu\u00ed del Interior Driss Basri, enviado expresamente desde Rabat.<\/span><\/p>\n<p style=\"text-align: justify;\"><span style=\"color: #333399;\">Centenares de personas heridas durante estas manifestaciones no fueron admitidas en los hospitales y fueron dejadas a su suerte mientras que centenares de otras fueron llevadas por las fuerzas de opresi\u00f3n y abandonadas a su suerte con sus heridas fuera de la ciudad.<\/span><\/p>\n<p style=\"text-align: justify;\"><span style=\"color: #333399;\">La barbarie del opresor fue tal, que incluso los diarios marroqu\u00edes conocidos por alinearse con la pol\u00edtica de Rabat en el S\u00e1hara Occidental no pudieron mantener el silencio sobre tal carnicer\u00eda.<\/span><\/p>\n<p style=\"text-align: justify;\"><span style=\"color: #333399;\">El diario \u201cAl Mounaddama\u201d, portavoz del Partido de Izquierda, y la Organizaci\u00f3n Democr\u00e1tica del Trabajo del famoso oponente Ben Saaid ait Idder revelaron <b>el 25 de septiembre de ese a\u00f1o 1999 que \u201clas fuerzas del orden intervinieron violentamente para dispersar las manifestaciones de duraci\u00f3n ilimitada organizadas en El Aai\u00fan desde el viernes 10 de septiembre\u201d,<\/b> lamentando que \u201clas fuerzas de seguridad hayan perseguido en el hospital a personas heridas, lo que ha impedido a numerosas de entre ellas recibir los cuidados necesarios\u201d.<\/span><\/p>\n<p style=\"text-align: justify;\"><span style=\"color: #333399;\">El ministro de Urbanismo, Mohamed El Yazgui, miembro del Gobierno Yussufi que en esas fechas estaba en el poder, se declar\u00f3 humillado por la masacre de El Aai\u00fan, expresando su oposici\u00f3n a los \u201cm\u00e9todos policiales\u201d practicados en el S\u00e1hara Occidental, inform\u00f3 el periodista espa\u00f1ol Pedro Canales, desde Rabat.<\/span><\/p>\n<p style=\"text-align: justify;\"><span style=\"color: #333399;\"><b>El 27 de septiembre de 1999<\/b>, las v\u00edctimas de esta opresi\u00f3n organizaron una nueva manifestaci\u00f3n de protesta, reclamando que el Gobierno marroqu\u00ed abriese una investigaci\u00f3n para establecer la verdad sobre los acontecimientos de El Aaiun y juzgar a los responsables de estos b\u00e1rbaros actos.<\/span><\/p>\n<p style=\"text-align: justify;\"><span style=\"color: #333399;\">Una vez m\u00e1s, las autoridades de opresi\u00f3n optaron por la pol\u00edtica de mano de hierro movilizando a los colonos marroqu\u00edes, que formaron milicias armadas para apoyar a sus fuerzas de ocupaci\u00f3n al reprimir a la poblaci\u00f3n saharaui.<\/span><\/p>\n<p style=\"text-align: justify;\"><span style=\"color: #333399;\"><b>En vez de intervenir para proteger a estos inocentes entregados a su verdugo, la Misi\u00f3n de Naciones Unidas para Organizar el Refer\u00e9ndum (MINURSO) se encerr\u00f3 en un completo mutismo, neg\u00e1ndose a hacer cualquier comentario p\u00fablico sobre estos hechos, como es bien sabido.<\/b><\/span><\/p>\n<p style=\"text-align: justify;\"><span style=\"color: #333399;\"><b>2000.<\/b> A la vista de los numerosos recursos (140.000) presentados por Marruecos, el refer\u00e9ndum previsto para el mes de julio es anulado por el Secretario General de la ONU, Kofi Annan.<\/span><\/p>\n<p style=\"text-align: justify;\"><span style=\"color: #333399;\">Iniciativa Popular Solidaria en Espa\u00f1a \u201cPaz y Libertad para el Pueblo Saharaui\u201d. Recogida de m\u00e1s de 300.000 firmas y su entrega en el Congreso de los Diputados. Se celebran refer\u00e9ndum simb\u00f3licos en muchas ciudades espa\u00f1olas sobre el conflicto del Sahara Occidental. La respuesta casi un\u00e1nime de la ciudadan\u00eda espa\u00f1ola es que debe celebrarse ya el prometido Refer\u00e9ndum de Autodeterminaci\u00f3n mediante el que el pueblo saharaui decida libremente sobre su futuro.<\/span><\/p>\n<p style=\"text-align: justify;\"><span style=\"color: #333399;\"><b>2001. Una manifestaci\u00f3n se sald\u00f3 con sangrientos enfrentamientos en Smara, la tercera ciudad del territorio.<\/b><\/span><\/p>\n<p style=\"text-align: justify;\"><span style=\"color: #333399;\"><b>2002.<\/b> La Asesor\u00eda Jur\u00eddica de Naciones Unidas, por petici\u00f3n del Consejo de Seguridad, dictamin\u00f3 que Marruecos no era una Potencia Administradora del territorio del S\u00e1hara Occidental, que los Acuerdos de Madrid de 1975 no hab\u00edan transferido ninguna soberan\u00eda a sus firmantes y, finalmente, que la condici\u00f3n de territorio no aut\u00f3nomo del S\u00e1hara Occidental no se hab\u00eda visto afectada por esos Acuerdos.<\/span><\/p>\n<p style=\"text-align: justify;\"><span style=\"color: #333399;\"><b>2003.<\/b> James Baker, enviado personal para el S\u00e1hara del Secretario General de la ONU, Kofi Annan, presenta un nuevo Plan en el que se contempla que el territorio saharaui se convierta en una autonom\u00eda marroqu\u00ed durante al menos los pr\u00f3ximos cuatro a\u00f1os, celebr\u00e1ndose, al principio de ese periodo, elecciones auton\u00f3micas (con un censo favorable a los saharauis). Pasado ese tiempo, se producir\u00eda un refer\u00e9ndum de autodeterminaci\u00f3n (con un censo ampliado a favor de Marruecos), sobre el a\u00f1o 2007 o 2008, en el que los saharauis podr\u00e1n decidir su futuro. El Polisario acepta el plan, pero Marruecos no.<\/span><\/p>\n<p style=\"text-align: justify;\"><span style=\"color: #333399;\"><b>2004.<\/b> James Baker presenta su dimisi\u00f3n, siendo sustituido por el peruano \u00c1lvaro de Soto.<\/span><\/p>\n<p style=\"text-align: justify;\"><span style=\"color: #333399;\">Septiembre de 2004, los habitantes de Assa marcaron el decimosegundo aniversario de la sangrienta rebeli\u00f3n de 1992 en su aldea y el quinto aniversario de la mayor \u201cintifada\u201d de 1999. El pasado 24 de septiembre, miles de aldeanos salieron a la calle gritando lemas en los que ped\u00edan al rey marroqu\u00ed abandonar S\u00e1hara Occidental y dar la soberan\u00eda del territorio a sus due\u00f1os, el pueblo saharaui. La aldea es tambi\u00e9n el hogar de Ali Salem Tamek, el activista pro-saharaui m\u00e1s conocido de Marruecos, que ha estado dentro y fuera de las prisiones y de las c\u00e1maras de tortura marroqu\u00edes.<\/span><\/p>\n<p style=\"text-align: justify;\"><span style=\"color: #333399;\"><b>En la marcha pac\u00edfica participaron alrededor de 3000 aldeanos saharauis<\/b> -seg\u00fan los organizadores- que salieron a \u201clas principales calles de la ciudad\u201d, pasando por la calle principal y terminando la manifestaci\u00f3n frente al edificio del gobernador marroqu\u00ed.<\/span><\/p>\n<p style=\"text-align: justify;\"><span style=\"color: #333399;\"><b>2005.<\/b> Kofi Annan releva de sus responsabilidades, de poca duraci\u00f3n, al peruano \u00c1lvaro de Soto con respecto al expediente del Sahara Occidental. Estalla una nueva Intifada saharaui en las ciudades ocupadas del Sahara Occidental. Marruecos incrementa la represi\u00f3n contra la poblaci\u00f3n saharaui. El Frente Polisario libera a los \u00faltimos presos de guerra marroqu\u00edes de los 2100 capturados en acciones de guerra hasta el alto el fuego acordado en el Plan de Arreglo de 1991. Se hace manera unilateral ya que Marruecos no hace lo mismo con ninguno de los 151 prisioneros de guerra saharauis, ni con los presos pol\u00edticos saharauis detenidos en las c\u00e1rceles marroqu\u00edes, ni informa sobre los 526 saharauis desaparecidos desde 1975.<\/span><\/p>\n<p style=\"text-align: justify;\"><span style=\"color: #333399;\"><b>25 de mayo de 2005 Intifada en el Aai\u00fan<\/b> (Territorios Ocupados). Centenares de ciudadanos saharauis se manifestaron en varios barrios populares de la capital saharaui ocupada, El Aai\u00fan, para protestar contra las violaciones de los Derechos Humanos en el S\u00e1hara Occidental y para exigir que se respeten los derechos del pueblo saharaui a la independencia y a la autodeterminaci\u00f3n. La polic\u00eda marroqu\u00ed, sobre todo el nuevo cuerpo de intervenci\u00f3n Grupo Urbano de Seguridad (GUS), que no deja de practicar salidas con fuerza en las calles y avenidas de la ciudad de vez en cuando, junto a los dem\u00e1s cuerpos de polic\u00eda marroqu\u00ed, recibi\u00f3 violentamente a los manifestantes, lo que desencaden\u00f3 una verdadera intifada semejante a la de 1999, que se produjo en los mismos barrios.<\/span><\/p>\n<p style=\"text-align: justify;\"><span style=\"color: #333399;\">Bajo un completo asedio, se registraron enfrentamientos entre la poblaci\u00f3n saharaui y las fuerzas marroqu\u00edes en los barrios populares de Zemla, Maatallah y avenida de Squekima, lugares legendarios que se distinguieron por su resistencia a los ataques de las fuerzas coloniales marroqu\u00edes durante la intifada de 1999.<\/span><\/p>\n<p style=\"text-align: justify;\"><span style=\"color: #333399;\">Diversas fuentes afirman que despu\u00e9s de m\u00e1s de 10 horas de enfrentamientos, la polic\u00eda colonial consigui\u00f3 penetrar en el barrio de Maatallah. Se detuvo a una decena de manifestantes, se registraron varios heridos, y varios otros fueron torturados, entre ellos el joven Lehssen El Bari, que tras haber levantado los colores nacionales saharauis, fue detenido alrededor de las 7 de la tarde.<\/span><\/p>\n<p style=\"text-align: justify;\"><span style=\"color: #333399;\">Una fuente fidedigna declar\u00f3 saber que se le ha torturado en la comisar\u00eda central de El Aai\u00fan, tras haber sido trasladado desde el barrio, y que all\u00ed fue violado por agentes del GUS.<\/span><\/p>\n<p style=\"text-align: justify;\"><span style=\"color: #333399;\">Varios activistas saharauis de los Derechos Humanos han declarado conocer varias flagrantes violaciones de derechos cometidas contra los manifestantes, y han entrado en contacto con las organizaciones internacionales competentes para denunciar estos actos.<\/span><\/p>\n<p style=\"text-align: justify;\"><span style=\"color: #333399;\"><b>2006.<\/b> La activista saharaui, defensora de los Derechos Humanos, Aminatou Haidar, recibe el \u201cV Premio Juan Mar\u00eda Bandr\u00e9s a la Defensa del Derecho de Asilo y a la Solidaridad con los Refugiados\u201d, concedido por la Comisi\u00f3n Espa\u00f1ola de Ayuda al Refugiado (CEAR). El Parlamento Europeo condena la represi\u00f3n marroqu\u00ed contra civiles en los Territorios Ocupados del S\u00e1hara Occidental.<\/span><\/p>\n<p style=\"text-align: justify;\"><span style=\"color: #333399;\"><b>2007.<\/b> <b>Comienzan las negociaciones directas entre Marruecos y el Frente Polisario, auspiciadas por la ONU<\/b> y supervisadas por Peter van Walsum, enviado personal del Secretario General de la ONU para el S\u00e1hara Occidental. Todas las negociaciones se han celebrado en Manhasset (Nueva York). El juez de la Audiencia Nacional, Baltasar Garz\u00f3n, ordena la apertura de diligencias por los delitos de genocidio y torturas contra ciudadanos saharauis cometidos presuntamente por altos cargos de la seguridad marroqu\u00ed en los a\u00f1os setenta y ochenta. Se celebra en Tifariti (Territorios Liberados del S\u00e1hara Occidental) el XII Congreso del Frente Polisario, Mohamed Abdelaziz sali\u00f3 reelegido Secretario General. El Polisario amenaza con volver a la guerra, si fracasan las negociaciones auspiciadas por las Naciones Unidas y termine definitivamente con el proceso de descolonizaci\u00f3n del S\u00e1hara Occidental.<\/span><\/p>\n<p style=\"text-align: justify;\"><span style=\"color: #333399;\"><b>2008. &#8211; 18 de enero.- El Gobierno espa\u00f1ol vende, a precio simb\u00f3lico, lanzadores de bombas de fragmentaci\u00f3n a la aviaci\u00f3n marroqu\u00ed. \u2013 27 de junio.- El Consejo de Ministros aprueba la venta a Marruecos, a cambio de 1 euro, de torpedos ligeros MK-46.<\/b> Estas ventas contravienen la legislaci\u00f3n espa\u00f1ola, que proh\u00edbe expresamente la venta de armas a pa\u00edses en conflicto o donde se violen los Derechos Humanos.<\/span><br \/>\n<span style=\"color: #333399;\"> &#8211; 18 de enero.- Naciones Unidas, a trav\u00e9s de la MINURSO, pide oficialmente disculpas al Pueblo Saharaui, abre una investigaci\u00f3n interna y se compromete a paliar los destrozos causados por sus soldados en los yacimientos arqueol\u00f3gicos del S\u00e1hara Occidental.<\/span><br \/>\n<span style=\"color: #333399;\"> &#8211; 18 de marzo.- Despu\u00e9s de cuatro rondas de negociaciones, en Manhasset, no se produce ning\u00fan avance en la resoluci\u00f3n del conflicto por la intransigencia de Marruecos que s\u00f3lo quiere hablar de su propuesta de autonom\u00eda. El Polisario propone el refer\u00e9ndum de autodeterminaci\u00f3n, en el que se contemple la autonom\u00eda como una de las posibilidades, pero tambi\u00e9n la independencia como otra posibilidad a someter a la consideraci\u00f3n del Pueblo Saharaui en el referido refer\u00e9ndum. Se acuerda la celebraci\u00f3n de una quinta ronda de negociaciones.<\/span><br \/>\n<span style=\"color: #333399;\"> &#8211; 17 de junio.- Se hacen p\u00fablicas las declaraciones secretas, realizadas en el a\u00f1o 2005, ante la instituci\u00f3n real marroqu\u00ed \u201cInstancia Equidad y Reconciliaci\u00f3n\u201d, por el Presidente del CORCAS (Consejo Real Consultivo para Asuntos del S\u00e1hara), Jalihenna Uld Errachid, en las que declara: \u201cAlgunos oficiales del Ejercito marroqu\u00ed han cometido lo que se puede llamar cr\u00edmenes de guerra contra prisioneros fuera del \u00e1mbito de la guerra\u2026 Muchos civiles fueron lanzados al vac\u00edo desde helic\u00f3pteros o enterrados vivos simplemente por ser saharauis\u201d<\/span><br \/>\n<span style=\"color: #333399;\"> &#8211; 13 de agosto.- La RASD es reconocida ya por 85 pa\u00edses.<\/span><br \/>\n<span style=\"color: #333399;\"> &#8211; 21 de agosto.- Peter Van Walsum no es renovado como enviado personal para el S\u00e1hara del Secretario General de la ONU, Ban Ki-moon, habiendo sido reprobado por el Frente Polisario, por adoptar una postura pr\u00f3xima a las tesis marroqu\u00edes.<\/span><br \/>\n<span style=\"color: #333399;\"> &#8211; 15 de septiembre.- Se otorga el \u201cPremio Robert Kennedy 2008 a los Derechos Humanos\u201d a Aminatou Haidar. Premios como este son el reconocimiento internacional a hombres y mujeres saharauis, como Aminatou, Brahim Noumria, Fatma Ayach, Brahim Sabbar, Hmad Hammad, Sidi Mh. Daddach, y otros muchos que, desde asociaciones de defensa de los derechos humanos como CODESA, ASVDH, AFAPREDESA, CORELSO, y otras, luchan por la libertad y los derechos del Pueblo Saharaui, muchas veces con riesgo para su propia integridad f\u00edsica en los Territorios Ocupados del S\u00e1hara Occidental.<\/span><\/p>\n<p style=\"text-align: justify;\"><span style=\"color: #333399;\">2009:\u00a0En agosto, la ONU promulga la resoluci\u00f3n 1871 que insta a las partes que reanuden las conversaciones oficiales.<\/span><\/p>\n<p style=\"text-align: justify;\"><span style=\"color: #333399;\"><b>2010: \u201cCampamento de Gdeim Izik\u201d. La manifestaci\u00f3n m\u00e1s grande en la historia de la causa saharaui.<\/b> En noviembre, una confrontaci\u00f3n vuelve a ser portada en los principales medios de comunicaci\u00f3n debido al asalto de fuerzas marroqu\u00edes contra un campamento Saharaui, se acusa Marruecos de violaci\u00f3n de los derechos humanos y censura a los medios de comunicaci\u00f3n. En diciembre, la Asamblea General de la ONU aprob\u00f3 una resoluci\u00f3n que reafirm\u00f3 el derecho inalienable de todos los pueblos a la libre determinaci\u00f3n y a la independencia. Marruecos y el Frente POLISARIO concluyen sin progresos su \u00faltima ronda de negociaciones\u00a0sobre el Sahara en la ONU.\u00a0<\/span><\/p>\n<p style=\"text-align: justify;\"><span style=\"color: #333399;\"><b>2013: Seguimos Luchando, esperamos escribir la historia desde un Sahara Occidental Libre.<\/b><\/span><\/p>\n<h2 style=\"text-align: left;\"><img loading=\"lazy\" decoding=\"async\" class=\"aligncenter  wp-image-3453\" alt=\"\" src=\"https:\/\/www.amalesperanza.org\/wp-content\/uploads\/2010\/08\/Acontecimientos_19751.jpg\" width=\"428\" height=\"134\" srcset=\"https:\/\/www.amalesperanza.org\/wp-content\/uploads\/2010\/08\/Acontecimientos_19751.jpg 475w, https:\/\/www.amalesperanza.org\/wp-content\/uploads\/2010\/08\/Acontecimientos_19751-300x94.jpg 300w\" sizes=\"auto, (max-width: 428px) 100vw, 428px\" \/><\/h2>\n<p style=\"text-align: left;\"><span style=\"color: #666699;\"><span style=\"color: #808000;\"><span style=\"color: #666699;\"><span style=\"color: #993366;\"><strong>La Marcha Verde<\/strong> <strong>&#8211;<\/strong> <\/span><a href=\"https:\/\/www.amalesperanza.org\/wp-content\/uploads\/2010\/08\/La-Marcha-Verde.pdf\" target=\"_blank\"><span style=\"color: #993366;\">pinchar AQUI<\/span><\/a><\/span><\/span><\/span><\/p>\n<p style=\"text-align: left;\"><span style=\"color: #666699;\"><span style=\"color: #808000;\"><span style=\"color: #666699;\"><span style=\"color: #993366;\"><strong>Acuerdo Tripartito de Madrid\u00a0&#8211;<\/strong> <\/span><a href=\"https:\/\/www.amalesperanza.org\/wp-content\/uploads\/2010\/08\/Acuerdo-Tripartito-de-Madrid.pdf\" target=\"_blank\"><span style=\"color: #993366;\">pinchar AQUI<\/span><\/a><\/span><\/span><\/span><\/p>\n<p style=\"text-align: left;\"><span style=\"color: #666699;\"><span style=\"color: #808000;\"><span style=\"color: #666699;\"><span style=\"color: #993366;\"><strong>Entrevista Kissinguer-Bouteflika 1975: Documento Secreto Desclasificado\u00a0&#8211;<\/strong> <\/span><a href=\"https:\/\/www.amalesperanza.org\/wp-content\/uploads\/2010\/08\/Entrevista_Kissinger-Bouteflika_1975_Documento_Secreto_Desclasificado.pdf\" target=\"_blank\"><span style=\"color: #993366;\">pinchar AQUI<\/span><\/a><\/span><\/span><\/span><\/p>\n<p style=\"text-align: left;\"><span style=\"color: #666699;\"><span style=\"color: #808000;\"><span style=\"color: #666699;\"><span style=\"color: #993366;\"><strong>C\u00f3mo los EE.UU. y Marruecos se apoderaron del S\u00e1hara Espa\u00f1ol\u00a0&#8211;<\/strong> <\/span><a href=\"https:\/\/www.amalesperanza.org\/wp-content\/uploads\/2010\/08\/C\u00f3mo-los-EE-UU-y-Marruecos-se-apoderaron-del-S\u00e1hara-Espa\u00f1ol.pdf\" target=\"_blank\"><span style=\"color: #993366;\">pinchar AQUI<\/span><\/a><\/span><\/span><\/span><\/p>\n<p style=\"text-align: justify;\"><span style=\"color: #666699;\"><strong><span style=\"text-decoration: underline;\">La Marcha Verde, la p\u00e9rdida del S\u00e1hara espa\u00f1ol<\/span><\/strong><strong><\/strong><\/span><\/p>\n<p style=\"text-align: justify;\"><span style=\"color: #666699;\">El 6 de noviembre de 1975, una avalancha integrada por unos 350.000 marroqu\u00edes con banderas verdes march\u00f3 hacia el sur de Marruecos, cort\u00f3 las alambradas que lo separaban del S\u00e1hara espa\u00f1ol y se adentr\u00f3 unos kil\u00f3metros al grito de \u00abViva el rey y la Patria\u00bb. El enorme convoy, de unos cien kil\u00f3metros de largo, acamp\u00f3 varios d\u00edas en la antigua colonia.<\/span><\/p>\n<p style=\"text-align: justify;\"><span style=\"color: #666699;\">El rey Hass\u00e1n II\u00a0 logr\u00f3 con esta marcha presionar e impresionar a Madrid, que accedi\u00f3 a negociar la retirada de la colonia, despu\u00e9s de casi cien a\u00f1os, en medio de una situaci\u00f3n pol\u00edtica delicada, ya que el jefe del Estado, el general Franco, agonizaba.<\/span><\/p>\n<p style=\"text-align: justify;\"><span style=\"color: #666699;\">La \u00abMarcha Verde\u00bb impuso la soberan\u00eda marroqu\u00ed y abri\u00f3 un enfrentamiento armado que se arrastra desde entonces: el conflicto saharaui. La lucha de un pueblo por su independencia.<\/span><\/p>\n<p style=\"text-align: justify;\"><span style=\"color: #666699;\"><strong><span style=\"text-decoration: underline;\">Hass\u00e1n II utiliz\u00f3 la sentencia del Tribunal de La Haya<\/span><\/strong><\/span><\/p>\n<p style=\"text-align: justify;\"><span style=\"color: #666699;\">Esta operaci\u00f3n llevaba meses orquest\u00e1ndola el rey de Marruecos, con la ayuda de EE.UU., la CIA y el\u00a0 Ej\u00e9rcito, cuando el Tribunal de La Haya reconoc\u00eda el 16 de octubre de 1975 que entre el S\u00e1hara y Marruecos exist\u00edan v\u00ednculos jur\u00eddicos, pero ninguno m\u00e1s. Esto no evitar\u00eda que el\u00a0rey alau\u00ed lo utilizara para anunciar que el dictamen del tribunal era favorable a Marruecos. \u00abNo nos queda ya mas remedio que recuperar nuestro S\u00e1hara\u00bb, dir\u00eda Hass\u00e1n II.<\/span><\/p>\n<p style=\"text-align: justify;\"><span style=\"color: #666699;\">En el S\u00e1hara Occidental gobernaba el teniente general G\u00f3mez de Salazar, que explic\u00f3 al pr\u00edncipe Juan Carlos, en su visita al Aai\u00fan como jefe de Estado en funciones, que estaban preparados para atacar. Sin embargo, el problema se debat\u00eda en el terreno pol\u00edtico.<\/span><\/p>\n<p style=\"text-align: justify;\"><span style=\"color: #666699;\">El 9 de noviembre, cuando el rey alau\u00ed consider\u00f3 que la Marcha Verde hab\u00eda cumplido sus objetivos y ten\u00eda garant\u00edas de que Espa\u00f1a le entregarr\u00eda el territorio, orden\u00f3 a los civiles el regreso a casa.<\/span><\/p>\n<p style=\"text-align: justify;\"><span style=\"color: #666699;\"><strong><span style=\"text-decoration: underline;\">Los Acuerdos de Madrid<\/span><\/strong><\/span><\/p>\n<p style=\"text-align: justify;\"><span style=\"color: #666699;\">Hass\u00e1n II s\u00f3lo decidi\u00f3 disolver la marcha cuando el ministro espa\u00f1ol\u00a0 Antonio Carro le entreg\u00f3 en Agadir un documento por el que Espa\u00f1a se compromet\u00eda a emprender las negociaciones de transferencia del S\u00e1hara Occidental.<\/span><\/p>\n<p style=\"text-align: justify;\"><span style=\"color: #666699;\">El 14 de noviembre, los Gobiernos de Espa\u00f1a, Marruecos y Mauritania firmaron en Madrid el acuerdo tripartito, por el que Espa\u00f1a ced\u00eda el territorio:\u00a0el norte, a\u00a0 Marruecos; y el sur, a Mauritania. La validez del acuerdo nunca fue admitido por la comunidad internacional.<\/span><\/p>\n<p style=\"text-align: justify;\"><span style=\"color: #666699;\">Cuatro a\u00f1os m\u00e1s tarde, tras una dura guerra contra el Frente Polisario, Mauritania se retir\u00f3 del S\u00e1hara. Pero los enfrentamientos entre los guerrilleros saharauis y el ej\u00e9rcito marroqu\u00ed continuaron hasta 1991, fecha en la que ambos bandos firmaron un alto el fuego auspiciado por la ONU, junto con la promesa de un refer\u00e9ndum de autodeterminaci\u00f3n que a\u00fan no se ha celebrado.<\/span><\/p>\n<p style=\"text-align: justify;\"><span style=\"color: #666699;\"><strong><span style=\"text-decoration: underline;\">De la Marcha Verde a la\u00a0 \u00abmarcha negra\u00bb<\/span><\/strong><\/span><\/p>\n<p style=\"text-align: justify;\"><span style=\"color: #666699;\">Con la ocupaci\u00f3n de Marruecos comenz\u00f3 el \u00e9xodo saharaui. Solamente en Argelia, en los campamentos del\u00a0Tinduf, viven 165.000 refugiados, sin esperanza de futuro.<\/span><\/p>\n<p style=\"text-align: justify;\"><span style=\"color: #666699;\">En la actualidad, el rey Mohamed VI estudia una amplia autonom\u00eda para el S\u00e1hara,\u00a0 en la que se respete la soberan\u00eda marroqu\u00ed. Pa\u00edses como Espa\u00f1a, Francia y EE.UU. lo consideran un\u00a0 buen punto de partida para negociar, aunque cierre la puerta al derecho de autodeterminaci\u00f3n que, seg\u00fan Naciones Unidas, tiene el pueblo saharaui.<\/span><\/p>\n<p style=\"text-align: justify;\"><span style=\"color: #666699;\">LOLA FUNCHAL<\/span><\/p>\n<p style=\"text-align: justify;\"><span style=\"color: #666699;\">\u00a0(<a href=\"http:\/\/www.rtve.es\/rtve\/20101006\/35-anos-marcha-verde\/359560.shtml\" target=\"_blank\"><span style=\"color: #666699;\">http:\/\/www.rtve.es\/rtve\/20101006\/35-anos-marcha-verde\/359560.shtml<\/span><\/a>)<\/span><\/p>\n","protected":false},"excerpt":{"rendered":"<p>Historia del Sahara Occidental S\u00e1hara Occidental, reconocida por unos, ocupada por otros, es, probablemente, la naci\u00f3n africana con una de las situaciones m\u00e1s complejas en este momento, a la espera del deseado refer\u00e9ndum. La injusta colonizaci\u00f3n y posterior abandono por parte de Espa\u00f1a, pasando a manos de Marruecos y Mauritania, a\u00fan sigue teniendo sus consecuencias. &hellip; <a href=\"https:\/\/www.amalesperanza.org\/?page_id=1931\" class=\"more-link\">Sigue leyendo <span class=\"screen-reader-text\">SAHARA OCCIDENTAL<\/span><\/a><\/p>\n","protected":false},"author":3,"featured_media":0,"parent":0,"menu_order":3,"comment_status":"closed","ping_status":"closed","template":"","meta":{"footnotes":""},"class_list":["post-1931","page","type-page","status-publish","hentry"],"_links":{"self":[{"href":"https:\/\/www.amalesperanza.org\/index.php?rest_route=\/wp\/v2\/pages\/1931","targetHints":{"allow":["GET"]}}],"collection":[{"href":"https:\/\/www.amalesperanza.org\/index.php?rest_route=\/wp\/v2\/pages"}],"about":[{"href":"https:\/\/www.amalesperanza.org\/index.php?rest_route=\/wp\/v2\/types\/page"}],"author":[{"embeddable":true,"href":"https:\/\/www.amalesperanza.org\/index.php?rest_route=\/wp\/v2\/users\/3"}],"replies":[{"embeddable":true,"href":"https:\/\/www.amalesperanza.org\/index.php?rest_route=%2Fwp%2Fv2%2Fcomments&post=1931"}],"version-history":[{"count":71,"href":"https:\/\/www.amalesperanza.org\/index.php?rest_route=\/wp\/v2\/pages\/1931\/revisions"}],"predecessor-version":[{"id":5131,"href":"https:\/\/www.amalesperanza.org\/index.php?rest_route=\/wp\/v2\/pages\/1931\/revisions\/5131"}],"wp:attachment":[{"href":"https:\/\/www.amalesperanza.org\/index.php?rest_route=%2Fwp%2Fv2%2Fmedia&parent=1931"}],"curies":[{"name":"wp","href":"https:\/\/api.w.org\/{rel}","templated":true}]}}